{"id":15,"date":"2018-01-07T14:09:23","date_gmt":"2018-01-07T13:09:23","guid":{"rendered":"http:\/\/www.clemensaugust.de\/franziskus\/?page_id=15"},"modified":"2019-08-15T14:47:05","modified_gmt":"2019-08-15T12:47:05","slug":"heiminterne-tagesstruktur","status":"publish","type":"page","link":"https:\/\/www.clemensaugust.de\/franziskus\/heiminterne-tagesstruktur\/","title":{"rendered":"Heiminterne Tagesstruktur"},"content":{"rendered":"<p><div class=\"fusion-fullwidth fullwidth-box fusion-builder-row-1 nonhundred-percent-fullwidth non-hundred-percent-height-scrolling\" style=\"--awb-border-radius-top-left:0px;--awb-border-radius-top-right:0px;--awb-border-radius-bottom-right:0px;--awb-border-radius-bottom-left:0px;--awb-margin-bottom:100px;--awb-flex-wrap:wrap;\" ><div class=\"fusion-builder-row fusion-row\"><div class=\"fusion-layout-column fusion_builder_column fusion-builder-column-0 fusion_builder_column_1_1 1_1 fusion-one-full fusion-column-first fusion-column-last\" style=\"--awb-bg-size:cover;--awb-margin-bottom:0px;\"><div class=\"fusion-column-wrapper fusion-flex-column-wrapper-legacy\"><div class=\"fusion-text fusion-text-1\"><h2>Heiminterne Tagesstruktur<\/h2>\n<p><b>Individuelle F\u00f6rderung im Therapiezentrum<\/b><\/p>\n<p><i>Selbstst\u00e4ndigkeit, Reintegration und Verbesserung der Lebensqualit\u00e4t sind wichtige Ziele der Besch\u00e4ftigungs- und Arbeitstherapie in unserem Wohnbereich.<\/i><\/p>\n<p><img decoding=\"async\" class=\"alignleft wp-image-1040 size-large\" src=\"http:\/\/clemensaugust.de\/franziskus\/wp-content\/uploads\/sites\/8\/2019\/07\/Arbeitstherapie-2.jpg-460x306.jpg\" alt=\"\" width=\"460\" height=\"306\" srcset=\"https:\/\/www.clemensaugust.de\/franziskus\/wp-content\/uploads\/sites\/8\/2019\/07\/Arbeitstherapie-2.jpg-140x93.jpg 140w, https:\/\/www.clemensaugust.de\/franziskus\/wp-content\/uploads\/sites\/8\/2019\/07\/Arbeitstherapie-2.jpg-200x133.jpg 200w, https:\/\/www.clemensaugust.de\/franziskus\/wp-content\/uploads\/sites\/8\/2019\/07\/Arbeitstherapie-2.jpg-220x146.jpg 220w, https:\/\/www.clemensaugust.de\/franziskus\/wp-content\/uploads\/sites\/8\/2019\/07\/Arbeitstherapie-2.jpg-300x200.jpg 300w, https:\/\/www.clemensaugust.de\/franziskus\/wp-content\/uploads\/sites\/8\/2019\/07\/Arbeitstherapie-2.jpg-400x267.jpg 400w, https:\/\/www.clemensaugust.de\/franziskus\/wp-content\/uploads\/sites\/8\/2019\/07\/Arbeitstherapie-2.jpg-460x306.jpg 460w, https:\/\/www.clemensaugust.de\/franziskus\/wp-content\/uploads\/sites\/8\/2019\/07\/Arbeitstherapie-2.jpg-600x400.jpg 600w, https:\/\/www.clemensaugust.de\/franziskus\/wp-content\/uploads\/sites\/8\/2019\/07\/Arbeitstherapie-2.jpg-768x512.jpg 768w, https:\/\/www.clemensaugust.de\/franziskus\/wp-content\/uploads\/sites\/8\/2019\/07\/Arbeitstherapie-2.jpg-800x533.jpg 800w, https:\/\/www.clemensaugust.de\/franziskus\/wp-content\/uploads\/sites\/8\/2019\/07\/Arbeitstherapie-2.jpg-1200x800.jpg 1200w, https:\/\/www.clemensaugust.de\/franziskus\/wp-content\/uploads\/sites\/8\/2019\/07\/Arbeitstherapie-2.jpg.jpg 4000w\" sizes=\"(max-width: 460px) 100vw, 460px\" \/>Angeschlossen an die Wohnbereiche ist unser Therapiezentrum mit eigenem, auf die Bed\u00fcrfnisse unserer Bewohner abgestimmten Betreuungs- und F\u00f6rderprofil. Die F\u00f6rderung der Bewohner umfasst den emotionalen, sozioemotionalen, psychomotorischen und kognitiven Bereich, die Bew\u00e4ltigung des t\u00e4glichen Lebens ebenso wie die Freizeitgestaltung. In der Einzeltherapie sowie in Gruppen und Projekten werden die Bewohner individuell gef\u00f6rdert. Die Schwerpunkte der Behandlung \u2013 das Verh\u00fcten der Verschlimmerung seelischer und k\u00f6rperlicher Erkrankungen sowie das Heranf\u00fchren an eine m\u00f6glichst selbstst\u00e4ndige und selbstbestimmte Lebensf\u00fchrung \u2013 werden von unseren Therapeuten ganzheitlich verfolgt.<\/p>\n<p>Die Therapieziele reichen von der Teilhabe am gesellschaftlichen Leben, \u00fcber die St\u00e4rkung des Selbstwertgef\u00fchls und die Reduktion von Hoffnungslosigkeit bis hin zum Wiedererlangen der Selbstst\u00e4ndigkeit und der M\u00f6glichkeit, in einer eigenen Wohnung zu leben. Dazu bieten wir unter anderem therapeutische Einzel- und Gruppengespr\u00e4che, Kreativ- und Sporttherapie sowie das Erlernen von Entspannungstechniken an. Zudem nehmen die Bewohner an milieutherapeutischen Ma\u00dfnahmen wie dem gemeinsamen Kochen und Backen sowie an verschiedenen Freizeitaktivit\u00e4ten teil. In der Arbeitstherapie werden die Bewohner auf eine m\u00f6gliche T\u00e4tigkeit in einer Werkstatt f\u00fcr Behinderte vorbereitet. Auch ein lebenspraktisches Training, z.B. zum Einkaufen und hauswirtschaftlichen T\u00e4tigkeiten, findet statt.<\/p>\n<p>Eine \u00dcbersicht \u00fcber die Behandlungsangebote:<\/p>\n<ul>\n<li>Therapeutische Einzel- und Gruppengespr\u00e4che<\/li>\n<li>Kreativtherapie, z.B. Musik, Kunst, Tanz, Textilarbeiten<\/li>\n<li>Sporttherapie, z.B. Schwimmen, Fahrradfahren, Spazierg\u00e4nge<\/li>\n<li>Entspannungsverfahren, z.B. Klangmassagen (nach Peter Hess), Snoezelen, basale Stimulation<\/li>\n<li>Milieutherapeutische Ma\u00dfnahmen, z.B. Kochen\/Backen, Fitnessgruppe, Zimmergestaltung<\/li>\n<li>Soziotherapie, z.B. Freizeitma\u00dfnahmen, soziales Kompetenztraining, Arbeitstherapie, \u00a0 \u00a0 \u00a0 \u00a0\u00a0\u00a0 Vorbereitung auf die WFB (Werkstatt f\u00fcr Behinderte)\/eigene Wohnung<\/li>\n<li>Lebenspraktisches Training, z.B. W\u00e4schepflege, Einkaufsgruppe, hauswirtschaftliche T\u00e4tigkeiten<\/li>\n<li>Projekte, z.B. Bau einer Vogelvoliere im Hauspark, Gestaltung eines Gem\u00fcsebeetes, Kinosaalgestaltung, Vorbereitung von Festen\/Veranstaltungen<\/li>\n<li>Individuelle Angebote, z.B. Einzeltherapie\/selbstgew\u00e4hlte T\u00e4tigkeiten\/diverse Gruppenangebote, heiminterne Tagesstruktur<\/li>\n<\/ul>\n<p>Angebote zur Teilhabe\/Inklusion:<\/p>\n<ul>\n<li>Alltagsbew\u00e4ltigung<\/li>\n<li>Tagesstruktur vermitteln<\/li>\n<li>Steigerung der Belastbarkeit\/Ausdauer<\/li>\n<li>St\u00e4rkung des Selbstwertgef\u00fchls<\/li>\n<li>Reduktion von Hoffnungslosigkeit<\/li>\n<li>Wiedererlangen der Selbstst\u00e4ndigkeit<\/li>\n<li>Aktivierung\/Antriebssteigerung\/Ressourcenaktivierung<\/li>\n<li>Reintegration ins soziale Umfeld\/Beziehungskompetenz<\/li>\n<li>Besserung der Lebensqualit\u00e4t<\/li>\n<li>Stabilisierung lebenspraktischer F\u00e4higkeiten<\/li>\n<li>Psychoedukation (Auseinandersetzung mit der eigenen Erkrankung und der Lebenssituation)<\/li>\n<\/ul>\n<\/div><div class=\"awb-gallery-wrapper awb-gallery-wrapper-1 button-span-no\"><div style=\"margin:-5px;--awb-bordersize:0px;\" class=\"fusion-gallery fusion-gallery-container fusion-grid-3 fusion-columns-total-3 fusion-gallery-layout-grid fusion-gallery-1\"><div style=\"padding:5px;\" class=\"fusion-grid-column fusion-gallery-column fusion-gallery-column-3 hover-type-none\"><div class=\"fusion-gallery-image\"><a href=\"https:\/\/www.clemensaugust.de\/franziskus\/wp-content\/uploads\/sites\/8\/2019\/07\/Spielegruppe-1.jpg.jpg\" rel=\"noreferrer\" data-rel=\"iLightbox[gallery_image_1]\" class=\"fusion-lightbox\"><img decoding=\"async\" src=\"https:\/\/www.clemensaugust.de\/franziskus\/wp-content\/uploads\/sites\/8\/2019\/07\/Spielegruppe-1.jpg.jpg\" width=\"4000\" height=\"2667\" alt=\"\" title=\"Franziskus-Stift Steinfeld\" aria-label=\"Franziskus-Stift Steinfeld\" class=\"img-responsive wp-image-1093\" srcset=\"https:\/\/www.clemensaugust.de\/franziskus\/wp-content\/uploads\/sites\/8\/2019\/07\/Spielegruppe-1.jpg-200x133.jpg 200w, https:\/\/www.clemensaugust.de\/franziskus\/wp-content\/uploads\/sites\/8\/2019\/07\/Spielegruppe-1.jpg-400x267.jpg 400w, https:\/\/www.clemensaugust.de\/franziskus\/wp-content\/uploads\/sites\/8\/2019\/07\/Spielegruppe-1.jpg-600x400.jpg 600w, https:\/\/www.clemensaugust.de\/franziskus\/wp-content\/uploads\/sites\/8\/2019\/07\/Spielegruppe-1.jpg-800x533.jpg 800w, https:\/\/www.clemensaugust.de\/franziskus\/wp-content\/uploads\/sites\/8\/2019\/07\/Spielegruppe-1.jpg-1200x800.jpg 1200w, https:\/\/www.clemensaugust.de\/franziskus\/wp-content\/uploads\/sites\/8\/2019\/07\/Spielegruppe-1.jpg.jpg 4000w\" sizes=\"(min-width: 2200px) 100vw, (min-width: 784px) 397px, (min-width: 712px) 595px, (min-width: 640px) 712px, \" \/><\/a><\/div><\/div><div style=\"padding:5px;\" class=\"fusion-grid-column fusion-gallery-column fusion-gallery-column-3 hover-type-none\"><div class=\"fusion-gallery-image\"><a href=\"https:\/\/www.clemensaugust.de\/franziskus\/wp-content\/uploads\/sites\/8\/2019\/07\/Klangmassage-1.jpg.jpg\" rel=\"noreferrer\" data-rel=\"iLightbox[gallery_image_1]\" class=\"fusion-lightbox\"><img decoding=\"async\" src=\"https:\/\/www.clemensaugust.de\/franziskus\/wp-content\/uploads\/sites\/8\/2019\/07\/Klangmassage-1.jpg.jpg\" width=\"4000\" height=\"2667\" alt=\"\" title=\"Franziskus-Stift Steinfeld\" aria-label=\"Franziskus-Stift Steinfeld\" class=\"img-responsive wp-image-1062\" srcset=\"https:\/\/www.clemensaugust.de\/franziskus\/wp-content\/uploads\/sites\/8\/2019\/07\/Klangmassage-1.jpg-200x133.jpg 200w, https:\/\/www.clemensaugust.de\/franziskus\/wp-content\/uploads\/sites\/8\/2019\/07\/Klangmassage-1.jpg-400x267.jpg 400w, https:\/\/www.clemensaugust.de\/franziskus\/wp-content\/uploads\/sites\/8\/2019\/07\/Klangmassage-1.jpg-600x400.jpg 600w, https:\/\/www.clemensaugust.de\/franziskus\/wp-content\/uploads\/sites\/8\/2019\/07\/Klangmassage-1.jpg-800x533.jpg 800w, https:\/\/www.clemensaugust.de\/franziskus\/wp-content\/uploads\/sites\/8\/2019\/07\/Klangmassage-1.jpg-1200x800.jpg 1200w, https:\/\/www.clemensaugust.de\/franziskus\/wp-content\/uploads\/sites\/8\/2019\/07\/Klangmassage-1.jpg.jpg 4000w\" sizes=\"(min-width: 2200px) 100vw, (min-width: 784px) 397px, (min-width: 712px) 595px, (min-width: 640px) 712px, \" \/><\/a><\/div><\/div><div style=\"padding:5px;\" class=\"fusion-grid-column fusion-gallery-column fusion-gallery-column-3 hover-type-none\"><div class=\"fusion-gallery-image\"><a href=\"https:\/\/www.clemensaugust.de\/franziskus\/wp-content\/uploads\/sites\/8\/2019\/07\/Sitztanz-4.jpg.jpg\" rel=\"noreferrer\" data-rel=\"iLightbox[gallery_image_1]\" class=\"fusion-lightbox\"><img decoding=\"async\" src=\"https:\/\/www.clemensaugust.de\/franziskus\/wp-content\/uploads\/sites\/8\/2019\/07\/Sitztanz-4.jpg.jpg\" width=\"4000\" height=\"2667\" alt=\"\" title=\"Franziskus-Stift Steinfeld\" aria-label=\"Franziskus-Stift Steinfeld\" class=\"img-responsive wp-image-1091\" srcset=\"https:\/\/www.clemensaugust.de\/franziskus\/wp-content\/uploads\/sites\/8\/2019\/07\/Sitztanz-4.jpg-200x133.jpg 200w, https:\/\/www.clemensaugust.de\/franziskus\/wp-content\/uploads\/sites\/8\/2019\/07\/Sitztanz-4.jpg-400x267.jpg 400w, https:\/\/www.clemensaugust.de\/franziskus\/wp-content\/uploads\/sites\/8\/2019\/07\/Sitztanz-4.jpg-600x400.jpg 600w, https:\/\/www.clemensaugust.de\/franziskus\/wp-content\/uploads\/sites\/8\/2019\/07\/Sitztanz-4.jpg-800x533.jpg 800w, https:\/\/www.clemensaugust.de\/franziskus\/wp-content\/uploads\/sites\/8\/2019\/07\/Sitztanz-4.jpg-1200x800.jpg 1200w, https:\/\/www.clemensaugust.de\/franziskus\/wp-content\/uploads\/sites\/8\/2019\/07\/Sitztanz-4.jpg.jpg 4000w\" sizes=\"(min-width: 2200px) 100vw, (min-width: 784px) 397px, (min-width: 712px) 595px, (min-width: 640px) 712px, \" \/><\/a><\/div><\/div><div class=\"clearfix\"><\/div><\/div><\/div><div class=\"fusion-clearfix\"><\/div><\/div><\/div><\/div><\/div><div class=\"fusion-fullwidth fullwidth-box fusion-builder-row-2 content-bottom nonhundred-percent-fullwidth non-hundred-percent-height-scrolling\" style=\"--awb-border-radius-top-left:0px;--awb-border-radius-top-right:0px;--awb-border-radius-bottom-right:0px;--awb-border-radius-bottom-left:0px;--awb-padding-top:60px;--awb-padding-bottom:20px;--awb-background-color:#efefef;--awb-flex-wrap:wrap;\" ><div class=\"fusion-builder-row fusion-row\"><div class=\"fusion-layout-column fusion_builder_column fusion-builder-column-1 fusion_builder_column_1_3 1_3 fusion-one-third fusion-column-first\" style=\"--awb-bg-blend:overlay;--awb-bg-size:cover;width:33.3333333333%;width:calc(33.3333333333% - ( ( 4% + 4% ) * 0.333333333333 ) );margin-right: 4%;\"><div class=\"fusion-column-wrapper fusion-flex-column-wrapper-legacy\"><div class=\"fusion-image-element fusion-image-align-center in-legacy-container\" style=\"text-align:center;--awb-caption-title-font-family:var(--h2_typography-font-family);--awb-caption-title-font-weight:var(--h2_typography-font-weight);--awb-caption-title-font-style:var(--h2_typography-font-style);--awb-caption-title-size:var(--h2_typography-font-size);--awb-caption-title-transform:var(--h2_typography-text-transform);--awb-caption-title-line-height:var(--h2_typography-line-height);--awb-caption-title-letter-spacing:var(--h2_typography-letter-spacing);\"><div class=\"imageframe-align-center\"><span class=\" fusion-imageframe imageframe-none imageframe-1 hover-type-none\"><a class=\"fusion-no-lightbox\" href=\"https:\/\/www.clemensaugust.de\/franziskus\/psychiatrisches-wohnheim\/\" target=\"_self\" aria-label=\"Franziskus-Stift Steinfeld\"><img decoding=\"async\" width=\"460\" height=\"306\" src=\"http:\/\/clemensaugust.de\/franziskus\/wp-content\/uploads\/sites\/8\/2018\/02\/Kickern-1.jpg-460x306.jpg\" alt class=\"img-responsive wp-image-1031\" srcset=\"https:\/\/www.clemensaugust.de\/franziskus\/wp-content\/uploads\/sites\/8\/2018\/02\/Kickern-1.jpg-200x133.jpg 200w, https:\/\/www.clemensaugust.de\/franziskus\/wp-content\/uploads\/sites\/8\/2018\/02\/Kickern-1.jpg-400x267.jpg 400w, https:\/\/www.clemensaugust.de\/franziskus\/wp-content\/uploads\/sites\/8\/2018\/02\/Kickern-1.jpg-600x400.jpg 600w, https:\/\/www.clemensaugust.de\/franziskus\/wp-content\/uploads\/sites\/8\/2018\/02\/Kickern-1.jpg-800x533.jpg 800w, https:\/\/www.clemensaugust.de\/franziskus\/wp-content\/uploads\/sites\/8\/2018\/02\/Kickern-1.jpg-1200x800.jpg 1200w, https:\/\/www.clemensaugust.de\/franziskus\/wp-content\/uploads\/sites\/8\/2018\/02\/Kickern-1.jpg.jpg 4000w\" sizes=\"(max-width: 800px) 100vw, 400px\" \/><\/a><\/span><\/div><\/div><div class=\"fusion-text fusion-text-2\"><p style=\"text-align: center\"><strong><a href=\"https:\/\/www.clemensaugust.de\/franziskus\/psychiatrisches-wohnheim\/\">Psychiatrisches Wohnheim <span class=\"redlink\">&gt;<\/span><\/a><\/strong><\/p>\n<\/div><div class=\"fusion-clearfix\"><\/div><\/div><\/div><div class=\"fusion-layout-column fusion_builder_column fusion-builder-column-2 fusion_builder_column_1_3 1_3 fusion-one-third\" style=\"--awb-bg-blend:overlay;--awb-bg-size:cover;width:33.3333333333%;width:calc(33.3333333333% - ( ( 4% + 4% ) * 0.333333333333 ) );margin-right: 4%;\"><div class=\"fusion-column-wrapper fusion-flex-column-wrapper-legacy\"><div class=\"fusion-image-element fusion-image-align-center in-legacy-container\" style=\"text-align:center;--awb-caption-title-font-family:var(--h2_typography-font-family);--awb-caption-title-font-weight:var(--h2_typography-font-weight);--awb-caption-title-font-style:var(--h2_typography-font-style);--awb-caption-title-size:var(--h2_typography-font-size);--awb-caption-title-transform:var(--h2_typography-text-transform);--awb-caption-title-line-height:var(--h2_typography-line-height);--awb-caption-title-letter-spacing:var(--h2_typography-letter-spacing);\"><div class=\"imageframe-align-center\"><span class=\" fusion-imageframe imageframe-none imageframe-2 hover-type-none\"><a class=\"fusion-no-lightbox\" href=\"https:\/\/www.clemensaugust.de\/franziskus\/psychiatrisches-pflegeheim\/\" target=\"_self\" aria-label=\"Franziskus-Stift Steinfeld\"><img decoding=\"async\" width=\"460\" height=\"306\" src=\"http:\/\/clemensaugust.de\/franziskus\/wp-content\/uploads\/sites\/8\/2019\/07\/Pflegesituation-3.jpg-460x306.jpg\" alt class=\"img-responsive wp-image-1074\" srcset=\"https:\/\/www.clemensaugust.de\/franziskus\/wp-content\/uploads\/sites\/8\/2019\/07\/Pflegesituation-3.jpg-200x133.jpg 200w, https:\/\/www.clemensaugust.de\/franziskus\/wp-content\/uploads\/sites\/8\/2019\/07\/Pflegesituation-3.jpg-400x267.jpg 400w, https:\/\/www.clemensaugust.de\/franziskus\/wp-content\/uploads\/sites\/8\/2019\/07\/Pflegesituation-3.jpg-600x400.jpg 600w, https:\/\/www.clemensaugust.de\/franziskus\/wp-content\/uploads\/sites\/8\/2019\/07\/Pflegesituation-3.jpg-800x533.jpg 800w, https:\/\/www.clemensaugust.de\/franziskus\/wp-content\/uploads\/sites\/8\/2019\/07\/Pflegesituation-3.jpg-1200x800.jpg 1200w, https:\/\/www.clemensaugust.de\/franziskus\/wp-content\/uploads\/sites\/8\/2019\/07\/Pflegesituation-3.jpg.jpg 4000w\" sizes=\"(max-width: 800px) 100vw, 400px\" \/><\/a><\/span><\/div><\/div><div class=\"fusion-text fusion-text-3\"><p style=\"text-align: center\"><strong><a href=\"https:\/\/www.clemensaugust.de\/franziskus\/psychiatrisches-pflegeheim\/\">Psychiatrisches Pflegeheim <span class=\"redlink\">&gt;<\/span><\/a><\/strong><\/p>\n<\/div><div class=\"fusion-clearfix\"><\/div><\/div><\/div><div class=\"fusion-layout-column fusion_builder_column fusion-builder-column-3 fusion_builder_column_1_3 1_3 fusion-one-third fusion-column-last\" style=\"--awb-bg-blend:overlay;--awb-bg-size:cover;width:33.3333333333%;width:calc(33.3333333333% - ( ( 4% + 4% ) * 0.333333333333 ) );\"><div class=\"fusion-column-wrapper fusion-flex-column-wrapper-legacy\"><div class=\"fusion-image-element fusion-image-align-center in-legacy-container\" style=\"text-align:center;--awb-caption-title-font-family:var(--h2_typography-font-family);--awb-caption-title-font-weight:var(--h2_typography-font-weight);--awb-caption-title-font-style:var(--h2_typography-font-style);--awb-caption-title-size:var(--h2_typography-font-size);--awb-caption-title-transform:var(--h2_typography-text-transform);--awb-caption-title-line-height:var(--h2_typography-line-height);--awb-caption-title-letter-spacing:var(--h2_typography-letter-spacing);\"><div class=\"imageframe-align-center\"><span class=\" fusion-imageframe imageframe-none imageframe-3 hover-type-none\"><a class=\"fusion-no-lightbox\" href=\"https:\/\/www.clemensaugust.de\/franziskus\/bewohnerorientierte-angebote\/\" target=\"_self\" aria-label=\"Franziskus-Stift Steinfeld\"><img decoding=\"async\" width=\"460\" height=\"306\" src=\"http:\/\/clemensaugust.de\/franziskus\/wp-content\/uploads\/sites\/8\/2019\/07\/Gespr\u00e4chssituation-Sozialdienst.jpg-460x306.jpg\" alt class=\"img-responsive wp-image-1052\" srcset=\"https:\/\/www.clemensaugust.de\/franziskus\/wp-content\/uploads\/sites\/8\/2019\/07\/Gespr\u00e4chssituation-Sozialdienst.jpg-200x133.jpg 200w, https:\/\/www.clemensaugust.de\/franziskus\/wp-content\/uploads\/sites\/8\/2019\/07\/Gespr\u00e4chssituation-Sozialdienst.jpg-400x267.jpg 400w, https:\/\/www.clemensaugust.de\/franziskus\/wp-content\/uploads\/sites\/8\/2019\/07\/Gespr\u00e4chssituation-Sozialdienst.jpg-600x400.jpg 600w, https:\/\/www.clemensaugust.de\/franziskus\/wp-content\/uploads\/sites\/8\/2019\/07\/Gespr\u00e4chssituation-Sozialdienst.jpg-800x533.jpg 800w, https:\/\/www.clemensaugust.de\/franziskus\/wp-content\/uploads\/sites\/8\/2019\/07\/Gespr\u00e4chssituation-Sozialdienst.jpg-1200x800.jpg 1200w, https:\/\/www.clemensaugust.de\/franziskus\/wp-content\/uploads\/sites\/8\/2019\/07\/Gespr\u00e4chssituation-Sozialdienst.jpg.jpg 4000w\" sizes=\"(max-width: 800px) 100vw, 400px\" \/><\/a><\/span><\/div><\/div><div class=\"fusion-text fusion-text-4\"><p style=\"text-align: center\"><strong><a href=\"https:\/\/www.clemensaugust.de\/franziskus\/bewohnerorientierte-angebote\/\">Bewohnerorientierte Angebote <span class=\"redlink\">&gt;<\/span><\/a><\/strong><\/p>\n<\/div><div class=\"fusion-clearfix\"><\/div><\/div><\/div><\/div><\/div>\n<\/p>\n","protected":false},"excerpt":{"rendered":"","protected":false},"author":1,"featured_media":0,"parent":0,"menu_order":0,"comment_status":"closed","ping_status":"closed","template":"100-width.php","meta":{"footnotes":"","_links_to":"","_links_to_target":""},"_links":{"self":[{"href":"https:\/\/www.clemensaugust.de\/franziskus\/wp-json\/wp\/v2\/pages\/15"}],"collection":[{"href":"https:\/\/www.clemensaugust.de\/franziskus\/wp-json\/wp\/v2\/pages"}],"about":[{"href":"https:\/\/www.clemensaugust.de\/franziskus\/wp-json\/wp\/v2\/types\/page"}],"author":[{"embeddable":true,"href":"https:\/\/www.clemensaugust.de\/franziskus\/wp-json\/wp\/v2\/users\/1"}],"replies":[{"embeddable":true,"href":"https:\/\/www.clemensaugust.de\/franziskus\/wp-json\/wp\/v2\/comments?post=15"}],"version-history":[{"count":10,"href":"https:\/\/www.clemensaugust.de\/franziskus\/wp-json\/wp\/v2\/pages\/15\/revisions"}],"predecessor-version":[{"id":1206,"href":"https:\/\/www.clemensaugust.de\/franziskus\/wp-json\/wp\/v2\/pages\/15\/revisions\/1206"}],"wp:attachment":[{"href":"https:\/\/www.clemensaugust.de\/franziskus\/wp-json\/wp\/v2\/media?parent=15"}],"curies":[{"name":"wp","href":"https:\/\/api.w.org\/{rel}","templated":true}]}}