{"id":33,"date":"2018-01-07T14:12:20","date_gmt":"2018-01-07T13:12:20","guid":{"rendered":"http:\/\/www.clemensaugust.de\/franziskus\/?page_id=33"},"modified":"2025-07-24T08:50:23","modified_gmt":"2025-07-24T06:50:23","slug":"bewohnerorientierte-angebote","status":"publish","type":"page","link":"https:\/\/www.clemensaugust.de\/franziskus\/bewohnerorientierte-angebote\/","title":{"rendered":"Allgemeine Angebote"},"content":{"rendered":"<p><div class=\"fusion-fullwidth fullwidth-box fusion-builder-row-1 mobile-title2 nonhundred-percent-fullwidth non-hundred-percent-height-scrolling fusion-no-medium-visibility fusion-no-large-visibility\" style=\"--awb-border-radius-top-left:0px;--awb-border-radius-top-right:0px;--awb-border-radius-bottom-right:0px;--awb-border-radius-bottom-left:0px;--awb-flex-wrap:wrap;\" ><div class=\"fusion-builder-row fusion-row\"><div class=\"fusion-layout-column fusion_builder_column fusion-builder-column-0 fusion_builder_column_1_1 1_1 fusion-one-full fusion-column-first fusion-column-last\" style=\"--awb-bg-blend:overlay;--awb-bg-size:cover;\"><div class=\"fusion-column-wrapper fusion-flex-column-wrapper-legacy\"><div class=\"fusion-title title fusion-title-1 fusion-no-medium-visibility fusion-no-large-visibility fusion-title-text fusion-title-size-one\"><h1 class=\"fusion-title-heading title-heading-left\" style=\"margin:0;\"><div class=\"fusion-title title fusion-sep-none fusion-title-center fusion-title-size-one fusion-border-below-title\">\n<h1 class=\"title-heading-center fusion-responsive-typography-calculated\" style=\"line-height: 0\"><span class=\"keyword-title-2nd\" style=\"font-size: 2rem;line-height: 56px\">Allgemeine Angebote<\/span><\/h1>\n<\/div><\/h1><span class=\"awb-title-spacer\"><\/span><div class=\"title-sep-container\"><div class=\"title-sep sep-double sep-solid\" style=\"border-color:#e0dede;\"><\/div><\/div><\/div><div class=\"fusion-clearfix\"><\/div><\/div><\/div><\/div><\/div><div class=\"fusion-fullwidth fullwidth-box fusion-builder-row-2 nonhundred-percent-fullwidth non-hundred-percent-height-scrolling\" style=\"--awb-border-radius-top-left:0px;--awb-border-radius-top-right:0px;--awb-border-radius-bottom-right:0px;--awb-border-radius-bottom-left:0px;--awb-flex-wrap:wrap;\" ><div class=\"fusion-builder-row fusion-row\"><div class=\"fusion-layout-column fusion_builder_column fusion-builder-column-1 fusion_builder_column_1_1 1_1 fusion-one-full fusion-column-first fusion-column-last\" style=\"--awb-bg-blend:overlay;--awb-bg-size:cover;\"><div class=\"fusion-column-wrapper fusion-flex-column-wrapper-legacy\"><div class=\"fusion-text fusion-text-1\"><h3>Sozialdienst<\/h3>\n<p><b>Eingliederung:<\/b><\/p>\n<p>Wir verstehen uns als personenzentriertes Angebot. Wir beraten und unterst\u00fctzen Sie sowie Ihre Vertrauenspersonen in betreuungsrechtlichen und sozialrechtlichen Fragestellungen. Beispielsweise, in der gesetzlichen Betreuungsarbeit, im Bereich des Unterbringungsverfahren, bei der individuellen Planung der Bedarfsermittlung, bei W\u00fcnschen von weiterf\u00fchrenden Ma\u00dfnahmen etc..<\/p>\n<p>Wir k\u00fcmmern uns dar\u00fcber hinaus um die Schnittstellenarbeit zwischen Diensten, Einrichtungen, Leistungstr\u00e4gern, Rehabilitationstr\u00e4gern, Selbsthilfegruppen etc. um die beste L\u00f6sung f\u00fcr Sie zu suchen.<\/p>\n<p>Im Fokus der Beziehungsarbeit stehen dabei die F\u00f6rderung des Selbsthilfe- potenzial und die \u00dcbernahme von gr\u00f6\u00dftm\u00f6glicher Selbstverantwortung.<\/p>\n<p><b>Pflege:<\/b><\/p>\n<p>Wir verstehen uns als personenzentriertes Angebot. Wir beraten und unterst\u00fctzen Sie sowie Ihre Vertrauenspersonen in betreuungsrechtlichen und sozialrechtlichen Fragestellungen. Beispielsweise in der gesetzlichen Betreuungsarbeit, im Bereich von\u00a0 unterbringungs\u00e4hnlichen Verfahrensregelungen, bei Leistungen der Kranken \u2013 und Pflegeversicherung, der station\u00e4ren Pflege etc..<\/p>\n<p>Im Fokus unserer Beziehungsarbeit steht dabei die W\u00fcrde und Selbstbestimmung der uns Anvertrauten zu achten und zu bewahren.<\/p>\n<h3>Fach\u00e4rztliche Versorgung<\/h3>\n<p>Die fach\u00e4rztliche Versorgung wird von 2 externen Konsiliar\u00e4rzten wahrgenommen. Sie sind Ansprechpartner f\u00fcr den Bereich Psychiatrie und die Visiten erfolgen w\u00f6chentlich im Wechsel.Die freie Arztwahl bleibt Ihnen selbstverst\u00e4ndlich frei.<\/p>\n<h3>Institutsambulanz<\/h3>\n<p>Regelm\u00e4\u00dfig werden die Bewohner in der Institutsambulanz der Clemens-August-Klinik in Neuenkirchen \u2013 V\u00f6rden zur Diagnostik vorgestellt. Alle psychiatrischen Medikamente werden von den dortigen Fach\u00e4rzten rezeptiert, die dar\u00fcber hinaus erforderlichen Medikamente \u00fcber die Allgemeinmediziner.<\/p>\n<h3>Haus\u00e4rztliche Versorgung<\/h3>\n<p>Die haus\u00e4rztliche Versorgung und wird von den ortsans\u00e4ssigen Allgemeinmedizinern wahrgenommen. Sie sind in erster Linie Ansprechpartner f\u00fcr den somatischen (k\u00f6rperlichen) Bereich. Die drei \u00c4rzte kommen w\u00f6chentlich in die Einrichtung und vertreten sich gegenseitig. Die freie Arztwahl bleibt Ihnen selbstverst\u00e4ndlich frei.<\/p>\n<\/div><div class=\"fusion-clearfix\"><\/div><\/div><\/div><\/div><\/div><div class=\"fusion-fullwidth fullwidth-box fusion-builder-row-3 content-bottom nonhundred-percent-fullwidth non-hundred-percent-height-scrolling\" style=\"--awb-border-radius-top-left:0px;--awb-border-radius-top-right:0px;--awb-border-radius-bottom-right:0px;--awb-border-radius-bottom-left:0px;--awb-padding-top:60px;--awb-padding-bottom:20px;--awb-background-color:#efefef;--awb-flex-wrap:wrap;\" ><div class=\"fusion-builder-row fusion-row\"><div class=\"fusion-layout-column fusion_builder_column fusion-builder-column-2 fusion_builder_column_1_3 1_3 fusion-one-third fusion-column-first\" style=\"--awb-bg-blend:overlay;--awb-bg-size:cover;width:33.3333333333%;width:calc(33.3333333333% - ( ( 4% + 4% ) * 0.333333333333 ) );margin-right: 4%;\"><div class=\"fusion-column-wrapper fusion-flex-column-wrapper-legacy\"><div class=\"fusion-image-element fusion-image-align-center in-legacy-container\" style=\"text-align:center;--awb-caption-title-font-family:var(--h2_typography-font-family);--awb-caption-title-font-weight:var(--h2_typography-font-weight);--awb-caption-title-font-style:var(--h2_typography-font-style);--awb-caption-title-size:var(--h2_typography-font-size);--awb-caption-title-transform:var(--h2_typography-text-transform);--awb-caption-title-line-height:var(--h2_typography-line-height);--awb-caption-title-letter-spacing:var(--h2_typography-letter-spacing);\"><div class=\"imageframe-align-center\"><span class=\" fusion-imageframe imageframe-none imageframe-1 hover-type-none\"><a class=\"fusion-no-lightbox\" href=\"https:\/\/www.clemensaugust.de\/franziskus\/psychiatrisches-wohnheim\/\" target=\"_self\" aria-label=\"Franziskus-Stift Steinfeld\"><img decoding=\"async\" width=\"460\" height=\"306\" src=\"http:\/\/clemensaugust.de\/franziskus\/wp-content\/uploads\/sites\/8\/2018\/02\/Kickern-1.jpg-460x306.jpg\" alt class=\"img-responsive wp-image-1031\" srcset=\"https:\/\/www.clemensaugust.de\/franziskus\/wp-content\/uploads\/sites\/8\/2018\/02\/Kickern-1.jpg-200x133.jpg 200w, https:\/\/www.clemensaugust.de\/franziskus\/wp-content\/uploads\/sites\/8\/2018\/02\/Kickern-1.jpg-400x267.jpg 400w, https:\/\/www.clemensaugust.de\/franziskus\/wp-content\/uploads\/sites\/8\/2018\/02\/Kickern-1.jpg-600x400.jpg 600w, https:\/\/www.clemensaugust.de\/franziskus\/wp-content\/uploads\/sites\/8\/2018\/02\/Kickern-1.jpg-800x533.jpg 800w, https:\/\/www.clemensaugust.de\/franziskus\/wp-content\/uploads\/sites\/8\/2018\/02\/Kickern-1.jpg-1200x800.jpg 1200w, https:\/\/www.clemensaugust.de\/franziskus\/wp-content\/uploads\/sites\/8\/2018\/02\/Kickern-1.jpg.jpg 4000w\" sizes=\"(max-width: 800px) 100vw, 400px\" \/><\/a><\/span><\/div><\/div><div class=\"fusion-text fusion-text-2\"><p style=\"text-align: center\"><strong><a href=\"https:\/\/www.clemensaugust.de\/franziskus\/psychiatrisches-wohnheim\/\">Psychiatrisches Wohnheim <span class=\"redlink\">&gt;<\/span><\/a><\/strong><\/p>\n<\/div><div class=\"fusion-clearfix\"><\/div><\/div><\/div><div class=\"fusion-layout-column fusion_builder_column fusion-builder-column-3 fusion_builder_column_1_3 1_3 fusion-one-third\" style=\"--awb-bg-blend:overlay;--awb-bg-size:cover;width:33.3333333333%;width:calc(33.3333333333% - ( ( 4% + 4% ) * 0.333333333333 ) );margin-right: 4%;\"><div class=\"fusion-column-wrapper fusion-flex-column-wrapper-legacy\"><div class=\"fusion-image-element fusion-image-align-center in-legacy-container\" style=\"text-align:center;--awb-caption-title-font-family:var(--h2_typography-font-family);--awb-caption-title-font-weight:var(--h2_typography-font-weight);--awb-caption-title-font-style:var(--h2_typography-font-style);--awb-caption-title-size:var(--h2_typography-font-size);--awb-caption-title-transform:var(--h2_typography-text-transform);--awb-caption-title-line-height:var(--h2_typography-line-height);--awb-caption-title-letter-spacing:var(--h2_typography-letter-spacing);\"><div class=\"imageframe-align-center\"><span class=\" fusion-imageframe imageframe-none imageframe-2 hover-type-none\"><a class=\"fusion-no-lightbox\" href=\"https:\/\/www.clemensaugust.de\/franziskus\/psychiatrisches-pflegeheim\/\" target=\"_self\" aria-label=\"Franziskus-Stift Steinfeld\"><img decoding=\"async\" width=\"460\" height=\"306\" src=\"http:\/\/clemensaugust.de\/franziskus\/wp-content\/uploads\/sites\/8\/2019\/07\/Pflegesituation-3.jpg-460x306.jpg\" alt class=\"img-responsive wp-image-1074\" srcset=\"https:\/\/www.clemensaugust.de\/franziskus\/wp-content\/uploads\/sites\/8\/2019\/07\/Pflegesituation-3.jpg-200x133.jpg 200w, https:\/\/www.clemensaugust.de\/franziskus\/wp-content\/uploads\/sites\/8\/2019\/07\/Pflegesituation-3.jpg-400x267.jpg 400w, https:\/\/www.clemensaugust.de\/franziskus\/wp-content\/uploads\/sites\/8\/2019\/07\/Pflegesituation-3.jpg-600x400.jpg 600w, https:\/\/www.clemensaugust.de\/franziskus\/wp-content\/uploads\/sites\/8\/2019\/07\/Pflegesituation-3.jpg-800x533.jpg 800w, https:\/\/www.clemensaugust.de\/franziskus\/wp-content\/uploads\/sites\/8\/2019\/07\/Pflegesituation-3.jpg-1200x800.jpg 1200w, https:\/\/www.clemensaugust.de\/franziskus\/wp-content\/uploads\/sites\/8\/2019\/07\/Pflegesituation-3.jpg.jpg 4000w\" sizes=\"(max-width: 800px) 100vw, 400px\" \/><\/a><\/span><\/div><\/div><div class=\"fusion-text fusion-text-3\"><p style=\"text-align: center\"><strong><a href=\"https:\/\/www.clemensaugust.de\/franziskus\/psychiatrisches-pflegeheim\/\">Psychiatrisches Pflegeheim <span class=\"redlink\">&gt;<\/span><\/a><\/strong><\/p>\n<\/div><div class=\"fusion-clearfix\"><\/div><\/div><\/div><div class=\"fusion-layout-column fusion_builder_column fusion-builder-column-4 fusion_builder_column_1_3 1_3 fusion-one-third fusion-column-last\" style=\"--awb-bg-blend:overlay;--awb-bg-size:cover;width:33.3333333333%;width:calc(33.3333333333% - ( ( 4% + 4% ) * 0.333333333333 ) );\"><div class=\"fusion-column-wrapper fusion-flex-column-wrapper-legacy\"><div class=\"fusion-image-element fusion-image-align-center in-legacy-container\" style=\"text-align:center;--awb-caption-title-font-family:var(--h2_typography-font-family);--awb-caption-title-font-weight:var(--h2_typography-font-weight);--awb-caption-title-font-style:var(--h2_typography-font-style);--awb-caption-title-size:var(--h2_typography-font-size);--awb-caption-title-transform:var(--h2_typography-text-transform);--awb-caption-title-line-height:var(--h2_typography-line-height);--awb-caption-title-letter-spacing:var(--h2_typography-letter-spacing);\"><div class=\"imageframe-align-center\"><span class=\" fusion-imageframe imageframe-none imageframe-3 hover-type-none\"><a class=\"fusion-no-lightbox\" href=\"https:\/\/www.clemensaugust.de\/franziskus\/bewohnerorientierte-angebote\/\" target=\"_self\" aria-label=\"Franziskus-Stift Steinfeld\"><img decoding=\"async\" width=\"460\" height=\"306\" src=\"http:\/\/clemensaugust.de\/franziskus\/wp-content\/uploads\/sites\/8\/2019\/07\/Gespr\u00e4chssituation-Sozialdienst.jpg-460x306.jpg\" alt class=\"img-responsive wp-image-1052\" srcset=\"https:\/\/www.clemensaugust.de\/franziskus\/wp-content\/uploads\/sites\/8\/2019\/07\/Gespr\u00e4chssituation-Sozialdienst.jpg-200x133.jpg 200w, https:\/\/www.clemensaugust.de\/franziskus\/wp-content\/uploads\/sites\/8\/2019\/07\/Gespr\u00e4chssituation-Sozialdienst.jpg-400x267.jpg 400w, https:\/\/www.clemensaugust.de\/franziskus\/wp-content\/uploads\/sites\/8\/2019\/07\/Gespr\u00e4chssituation-Sozialdienst.jpg-600x400.jpg 600w, https:\/\/www.clemensaugust.de\/franziskus\/wp-content\/uploads\/sites\/8\/2019\/07\/Gespr\u00e4chssituation-Sozialdienst.jpg-800x533.jpg 800w, https:\/\/www.clemensaugust.de\/franziskus\/wp-content\/uploads\/sites\/8\/2019\/07\/Gespr\u00e4chssituation-Sozialdienst.jpg-1200x800.jpg 1200w, https:\/\/www.clemensaugust.de\/franziskus\/wp-content\/uploads\/sites\/8\/2019\/07\/Gespr\u00e4chssituation-Sozialdienst.jpg.jpg 4000w\" sizes=\"(max-width: 800px) 100vw, 400px\" \/><\/a><\/span><\/div><\/div><div class=\"fusion-text fusion-text-4\"><p style=\"text-align: center\"><strong><a href=\"https:\/\/www.clemensaugust.de\/franziskus\/bewohnerorientierte-angebote\/\">Bewohnerorientierte Angebote <span class=\"redlink\">&gt;<\/span><\/a><\/strong><\/p>\n<\/div><div class=\"fusion-clearfix\"><\/div><\/div><\/div><\/div><\/div>\n<\/p>\n","protected":false},"excerpt":{"rendered":"","protected":false},"author":1,"featured_media":0,"parent":0,"menu_order":0,"comment_status":"closed","ping_status":"closed","template":"100-width.php","meta":{"footnotes":"","_links_to":"","_links_to_target":""},"_links":{"self":[{"href":"https:\/\/www.clemensaugust.de\/franziskus\/wp-json\/wp\/v2\/pages\/33"}],"collection":[{"href":"https:\/\/www.clemensaugust.de\/franziskus\/wp-json\/wp\/v2\/pages"}],"about":[{"href":"https:\/\/www.clemensaugust.de\/franziskus\/wp-json\/wp\/v2\/types\/page"}],"author":[{"embeddable":true,"href":"https:\/\/www.clemensaugust.de\/franziskus\/wp-json\/wp\/v2\/users\/1"}],"replies":[{"embeddable":true,"href":"https:\/\/www.clemensaugust.de\/franziskus\/wp-json\/wp\/v2\/comments?post=33"}],"version-history":[{"count":11,"href":"https:\/\/www.clemensaugust.de\/franziskus\/wp-json\/wp\/v2\/pages\/33\/revisions"}],"predecessor-version":[{"id":1485,"href":"https:\/\/www.clemensaugust.de\/franziskus\/wp-json\/wp\/v2\/pages\/33\/revisions\/1485"}],"wp:attachment":[{"href":"https:\/\/www.clemensaugust.de\/franziskus\/wp-json\/wp\/v2\/media?parent=33"}],"curies":[{"name":"wp","href":"https:\/\/api.w.org\/{rel}","templated":true}]}}