{"id":51,"date":"2018-01-07T14:15:28","date_gmt":"2018-01-07T13:15:28","guid":{"rendered":"http:\/\/www.clemensaugust.de\/franziskus\/?page_id=51"},"modified":"2024-03-15T12:19:26","modified_gmt":"2024-03-15T11:19:26","slug":"ausbildung-praktika","status":"publish","type":"page","link":"https:\/\/www.clemensaugust.de\/franziskus\/ausbildung-praktika\/","title":{"rendered":"Ausbildung\/Praktika"},"content":{"rendered":"<p><div class=\"fusion-fullwidth fullwidth-box fusion-builder-row-1 nonhundred-percent-fullwidth non-hundred-percent-height-scrolling\" style=\"--awb-border-radius-top-left:0px;--awb-border-radius-top-right:0px;--awb-border-radius-bottom-right:0px;--awb-border-radius-bottom-left:0px;--awb-margin-bottom:100px;--awb-flex-wrap:wrap;\" ><div class=\"fusion-builder-row fusion-row\"><div class=\"fusion-layout-column fusion_builder_column fusion-builder-column-0 fusion_builder_column_1_1 1_1 fusion-one-full fusion-column-first fusion-column-last\" style=\"--awb-bg-blend:overlay;--awb-bg-size:cover;\"><div class=\"fusion-column-wrapper fusion-flex-column-wrapper-legacy\"><div class=\"fusion-text fusion-text-1 fusion-no-medium-visibility fusion-no-large-visibility\"><h2>Ausbildung \/ Praktika<\/h2>\n<p style=\"text-align: center\"><strong>\u00a0<\/strong><\/p>\n<\/div><div class=\"fusion-clearfix\"><\/div><\/div><\/div><div class=\"fusion-layout-column fusion_builder_column fusion-builder-column-1 fusion_builder_column_1_1 1_1 fusion-one-full fusion-column-first fusion-column-last\" style=\"--awb-bg-blend:overlay;--awb-bg-size:cover;\"><div class=\"fusion-column-wrapper fusion-flex-column-wrapper-legacy\"><div class=\"fusion-text fusion-text-2\"><p><b>Ausbildung<\/b><\/p>\n<p>Mit Schulen und Institutionen bestehen zahlreiche Ausbildungs- und Kooperationsvertr\u00e4ge.<\/p>\n<p>Die praktische Ausbildung von verschiedenen Berufsgruppen ist der Einrichtung aus gesellschaftspolitischer Verantwortung heraus ein Anliegen. Als weiteres stellen wir pro Jahr 2 Ausbildungspl\u00e4tze f\u00fcr den Bereich der Altenpflege in Zusammenarbeit mit der Berufsbildenden Schule Marienhain Vechta, d er Berufsbildenden Schulen Bersenbr\u00fcck &#8222;Fachbereich Altenpflege&#8220;, dem Ausbildungsverbund Pflege im Landkreis Diepholz und der Justus-von-Liebig-Schule BBS III Vechta zur Verf\u00fcgung.<\/p>\n<p>Bei Interesse an einem Ausbildungsplatz gerne melden, wir sind auf Sie gespannt.<\/p>\n<p><b>Praktikum<\/b><\/p>\n<p>Nat\u00fcrlich besteht auch die M\u00f6glichkeit eines Praktikums, z.B. im Rahmen einer Ausbildung oder w\u00e4hrend der Schulzeit.<\/p>\n<p>Als weiteres bieten wir pro Jahr 5 Stellen f\u00fcr das FSJ an.<\/p>\n<p>F\u00fcr weitere Informationen k\u00f6nnen Sie gerne Frau Jolanta Hilgenfeld kontaktieren.<\/p>\n<p><strong>Download: <\/strong><a href=\"http:\/\/clemensaugust.de\/franziskus\/wp-content\/uploads\/sites\/8\/2020\/03\/Institutionelles-Schutzkonzept-zur-Pr\u00e4vention-sexualisierter-Gewalt-aktuell.pdf\" target=\"_blank\" rel=\"noopener\">Institutionelles Schutzkonzept zur Pr\u00e4vention sexualisierter Gewalt<\/a><\/p>\n<h3><strong>Jolanta Hilgenfeld<\/strong><\/h3>\n<p><img decoding=\"async\" class=\"alignnone wp-image-1344 size-medium\" src=\"https:\/\/www.clemensaugust.de\/franziskus\/wp-content\/uploads\/sites\/8\/2023\/09\/Hilgenfeld-Jolanta_Homepage-300x200.jpg\" alt=\"\" width=\"300\" height=\"200\" srcset=\"https:\/\/www.clemensaugust.de\/franziskus\/wp-content\/uploads\/sites\/8\/2023\/09\/Hilgenfeld-Jolanta_Homepage-140x93.jpg 140w, https:\/\/www.clemensaugust.de\/franziskus\/wp-content\/uploads\/sites\/8\/2023\/09\/Hilgenfeld-Jolanta_Homepage-200x133.jpg 200w, https:\/\/www.clemensaugust.de\/franziskus\/wp-content\/uploads\/sites\/8\/2023\/09\/Hilgenfeld-Jolanta_Homepage-220x146.jpg 220w, https:\/\/www.clemensaugust.de\/franziskus\/wp-content\/uploads\/sites\/8\/2023\/09\/Hilgenfeld-Jolanta_Homepage-300x200.jpg 300w, https:\/\/www.clemensaugust.de\/franziskus\/wp-content\/uploads\/sites\/8\/2023\/09\/Hilgenfeld-Jolanta_Homepage-400x267.jpg 400w, https:\/\/www.clemensaugust.de\/franziskus\/wp-content\/uploads\/sites\/8\/2023\/09\/Hilgenfeld-Jolanta_Homepage-460x306.jpg 460w, https:\/\/www.clemensaugust.de\/franziskus\/wp-content\/uploads\/sites\/8\/2023\/09\/Hilgenfeld-Jolanta_Homepage-600x400.jpg 600w, https:\/\/www.clemensaugust.de\/franziskus\/wp-content\/uploads\/sites\/8\/2023\/09\/Hilgenfeld-Jolanta_Homepage-768x512.jpg 768w, https:\/\/www.clemensaugust.de\/franziskus\/wp-content\/uploads\/sites\/8\/2023\/09\/Hilgenfeld-Jolanta_Homepage-800x533.jpg 800w, https:\/\/www.clemensaugust.de\/franziskus\/wp-content\/uploads\/sites\/8\/2023\/09\/Hilgenfeld-Jolanta_Homepage-1200x800.jpg 1200w, https:\/\/www.clemensaugust.de\/franziskus\/wp-content\/uploads\/sites\/8\/2023\/09\/Hilgenfeld-Jolanta_Homepage-1536x1024.jpg 1536w, https:\/\/www.clemensaugust.de\/franziskus\/wp-content\/uploads\/sites\/8\/2023\/09\/Hilgenfeld-Jolanta_Homepage.jpg 1920w\" sizes=\"(max-width: 300px) 100vw, 300px\" \/><\/p>\n<p>Pflegedienstleitung<\/p>\n<p>Telefon: 05492-9669\/20<\/p>\n<p>Email: <a href=\"mailto:schmidt@franziskus-stift.de\">j.hilgenfeld@franziskus-stift.de<\/a><\/p>\n<\/div><div class=\"fusion-clearfix\"><\/div><\/div><\/div><\/div><\/div><div class=\"fusion-fullwidth fullwidth-box fusion-builder-row-2 content-bottom nonhundred-percent-fullwidth non-hundred-percent-height-scrolling\" style=\"--awb-border-radius-top-left:0px;--awb-border-radius-top-right:0px;--awb-border-radius-bottom-right:0px;--awb-border-radius-bottom-left:0px;--awb-padding-top:60px;--awb-padding-bottom:20px;--awb-background-color:#efefef;--awb-flex-wrap:wrap;\" ><div class=\"fusion-builder-row fusion-row\"><div class=\"fusion-layout-column fusion_builder_column fusion-builder-column-2 fusion_builder_column_1_3 1_3 fusion-one-third fusion-column-first\" style=\"--awb-bg-blend:overlay;--awb-bg-size:cover;width:33.3333333333%;width:calc(33.3333333333% - ( ( 4% + 4% ) * 0.333333333333 ) );margin-right: 4%;\"><div class=\"fusion-column-wrapper fusion-flex-column-wrapper-legacy\"><div class=\"fusion-image-element fusion-image-align-center in-legacy-container\" style=\"text-align:center;--awb-caption-title-font-family:var(--h2_typography-font-family);--awb-caption-title-font-weight:var(--h2_typography-font-weight);--awb-caption-title-font-style:var(--h2_typography-font-style);--awb-caption-title-size:var(--h2_typography-font-size);--awb-caption-title-transform:var(--h2_typography-text-transform);--awb-caption-title-line-height:var(--h2_typography-line-height);--awb-caption-title-letter-spacing:var(--h2_typography-letter-spacing);\"><div class=\"imageframe-align-center\"><span class=\" fusion-imageframe imageframe-none imageframe-1 hover-type-none\"><a class=\"fusion-no-lightbox\" href=\"https:\/\/www.clemensaugust.de\/franziskus\/psychiatrisches-wohnheim\/\" target=\"_self\" aria-label=\"Franziskus-Stift Steinfeld\"><img decoding=\"async\" width=\"460\" height=\"306\" src=\"http:\/\/clemensaugust.de\/franziskus\/wp-content\/uploads\/sites\/8\/2018\/02\/Kickern-1.jpg-460x306.jpg\" alt class=\"img-responsive wp-image-1031\" srcset=\"https:\/\/www.clemensaugust.de\/franziskus\/wp-content\/uploads\/sites\/8\/2018\/02\/Kickern-1.jpg-200x133.jpg 200w, https:\/\/www.clemensaugust.de\/franziskus\/wp-content\/uploads\/sites\/8\/2018\/02\/Kickern-1.jpg-400x267.jpg 400w, https:\/\/www.clemensaugust.de\/franziskus\/wp-content\/uploads\/sites\/8\/2018\/02\/Kickern-1.jpg-600x400.jpg 600w, https:\/\/www.clemensaugust.de\/franziskus\/wp-content\/uploads\/sites\/8\/2018\/02\/Kickern-1.jpg-800x533.jpg 800w, https:\/\/www.clemensaugust.de\/franziskus\/wp-content\/uploads\/sites\/8\/2018\/02\/Kickern-1.jpg-1200x800.jpg 1200w, https:\/\/www.clemensaugust.de\/franziskus\/wp-content\/uploads\/sites\/8\/2018\/02\/Kickern-1.jpg.jpg 4000w\" sizes=\"(max-width: 800px) 100vw, 400px\" \/><\/a><\/span><\/div><\/div><div class=\"fusion-text fusion-text-3\"><p style=\"text-align: center\"><strong><a href=\"https:\/\/www.clemensaugust.de\/franziskus\/psychiatrisches-wohnheim\/\">Psychiatrisches Wohnheim <span class=\"redlink\">&gt;<\/span><\/a><\/strong><\/p>\n<\/div><div class=\"fusion-clearfix\"><\/div><\/div><\/div><div class=\"fusion-layout-column fusion_builder_column fusion-builder-column-3 fusion_builder_column_1_3 1_3 fusion-one-third\" style=\"--awb-bg-blend:overlay;--awb-bg-size:cover;width:33.3333333333%;width:calc(33.3333333333% - ( ( 4% + 4% ) * 0.333333333333 ) );margin-right: 4%;\"><div class=\"fusion-column-wrapper fusion-flex-column-wrapper-legacy\"><div class=\"fusion-image-element fusion-image-align-center in-legacy-container\" style=\"text-align:center;--awb-caption-title-font-family:var(--h2_typography-font-family);--awb-caption-title-font-weight:var(--h2_typography-font-weight);--awb-caption-title-font-style:var(--h2_typography-font-style);--awb-caption-title-size:var(--h2_typography-font-size);--awb-caption-title-transform:var(--h2_typography-text-transform);--awb-caption-title-line-height:var(--h2_typography-line-height);--awb-caption-title-letter-spacing:var(--h2_typography-letter-spacing);\"><div class=\"imageframe-align-center\"><span class=\" fusion-imageframe imageframe-none imageframe-2 hover-type-none\"><a class=\"fusion-no-lightbox\" href=\"https:\/\/www.clemensaugust.de\/franziskus\/psychiatrisches-pflegeheim\/\" target=\"_self\" aria-label=\"Franziskus-Stift Steinfeld\"><img decoding=\"async\" width=\"460\" height=\"306\" src=\"http:\/\/clemensaugust.de\/franziskus\/wp-content\/uploads\/sites\/8\/2019\/07\/Pflegesituation-3.jpg-460x306.jpg\" alt class=\"img-responsive wp-image-1074\" srcset=\"https:\/\/www.clemensaugust.de\/franziskus\/wp-content\/uploads\/sites\/8\/2019\/07\/Pflegesituation-3.jpg-200x133.jpg 200w, https:\/\/www.clemensaugust.de\/franziskus\/wp-content\/uploads\/sites\/8\/2019\/07\/Pflegesituation-3.jpg-400x267.jpg 400w, https:\/\/www.clemensaugust.de\/franziskus\/wp-content\/uploads\/sites\/8\/2019\/07\/Pflegesituation-3.jpg-600x400.jpg 600w, https:\/\/www.clemensaugust.de\/franziskus\/wp-content\/uploads\/sites\/8\/2019\/07\/Pflegesituation-3.jpg-800x533.jpg 800w, https:\/\/www.clemensaugust.de\/franziskus\/wp-content\/uploads\/sites\/8\/2019\/07\/Pflegesituation-3.jpg-1200x800.jpg 1200w, https:\/\/www.clemensaugust.de\/franziskus\/wp-content\/uploads\/sites\/8\/2019\/07\/Pflegesituation-3.jpg.jpg 4000w\" sizes=\"(max-width: 800px) 100vw, 400px\" \/><\/a><\/span><\/div><\/div><div class=\"fusion-text fusion-text-4\"><p style=\"text-align: center\"><strong><a href=\"https:\/\/www.clemensaugust.de\/franziskus\/psychiatrisches-pflegeheim\/\">Psychiatrisches Pflegeheim <span class=\"redlink\">&gt;<\/span><\/a><\/strong><\/p>\n<\/div><div class=\"fusion-clearfix\"><\/div><\/div><\/div><div class=\"fusion-layout-column fusion_builder_column fusion-builder-column-4 fusion_builder_column_1_3 1_3 fusion-one-third fusion-column-last\" style=\"--awb-bg-blend:overlay;--awb-bg-size:cover;width:33.3333333333%;width:calc(33.3333333333% - ( ( 4% + 4% ) * 0.333333333333 ) );\"><div class=\"fusion-column-wrapper fusion-flex-column-wrapper-legacy\"><div class=\"fusion-image-element fusion-image-align-center in-legacy-container\" style=\"text-align:center;--awb-caption-title-font-family:var(--h2_typography-font-family);--awb-caption-title-font-weight:var(--h2_typography-font-weight);--awb-caption-title-font-style:var(--h2_typography-font-style);--awb-caption-title-size:var(--h2_typography-font-size);--awb-caption-title-transform:var(--h2_typography-text-transform);--awb-caption-title-line-height:var(--h2_typography-line-height);--awb-caption-title-letter-spacing:var(--h2_typography-letter-spacing);\"><div class=\"imageframe-align-center\"><span class=\" fusion-imageframe imageframe-none imageframe-3 hover-type-none\"><a class=\"fusion-no-lightbox\" href=\"https:\/\/www.clemensaugust.de\/franziskus\/bewohnerorientierte-angebote\/\" target=\"_self\" aria-label=\"Franziskus-Stift Steinfeld\"><img decoding=\"async\" width=\"460\" height=\"306\" src=\"http:\/\/clemensaugust.de\/franziskus\/wp-content\/uploads\/sites\/8\/2019\/07\/Gespr\u00e4chssituation-Sozialdienst.jpg-460x306.jpg\" alt class=\"img-responsive wp-image-1052\" srcset=\"https:\/\/www.clemensaugust.de\/franziskus\/wp-content\/uploads\/sites\/8\/2019\/07\/Gespr\u00e4chssituation-Sozialdienst.jpg-200x133.jpg 200w, https:\/\/www.clemensaugust.de\/franziskus\/wp-content\/uploads\/sites\/8\/2019\/07\/Gespr\u00e4chssituation-Sozialdienst.jpg-400x267.jpg 400w, https:\/\/www.clemensaugust.de\/franziskus\/wp-content\/uploads\/sites\/8\/2019\/07\/Gespr\u00e4chssituation-Sozialdienst.jpg-600x400.jpg 600w, https:\/\/www.clemensaugust.de\/franziskus\/wp-content\/uploads\/sites\/8\/2019\/07\/Gespr\u00e4chssituation-Sozialdienst.jpg-800x533.jpg 800w, https:\/\/www.clemensaugust.de\/franziskus\/wp-content\/uploads\/sites\/8\/2019\/07\/Gespr\u00e4chssituation-Sozialdienst.jpg-1200x800.jpg 1200w, https:\/\/www.clemensaugust.de\/franziskus\/wp-content\/uploads\/sites\/8\/2019\/07\/Gespr\u00e4chssituation-Sozialdienst.jpg.jpg 4000w\" sizes=\"(max-width: 800px) 100vw, 400px\" \/><\/a><\/span><\/div><\/div><div class=\"fusion-text fusion-text-5\"><p style=\"text-align: center\"><strong><a href=\"https:\/\/www.clemensaugust.de\/franziskus\/bewohnerorientierte-angebote\/\">Bewohnerorientierte Angebote <span class=\"redlink\">&gt;<\/span><\/a><\/strong><\/p>\n<\/div><div class=\"fusion-clearfix\"><\/div><\/div><\/div><\/div><\/div>\n<\/p>\n","protected":false},"excerpt":{"rendered":"","protected":false},"author":1,"featured_media":0,"parent":0,"menu_order":0,"comment_status":"closed","ping_status":"closed","template":"100-width.php","meta":{"footnotes":"","_links_to":"","_links_to_target":""},"_links":{"self":[{"href":"https:\/\/www.clemensaugust.de\/franziskus\/wp-json\/wp\/v2\/pages\/51"}],"collection":[{"href":"https:\/\/www.clemensaugust.de\/franziskus\/wp-json\/wp\/v2\/pages"}],"about":[{"href":"https:\/\/www.clemensaugust.de\/franziskus\/wp-json\/wp\/v2\/types\/page"}],"author":[{"embeddable":true,"href":"https:\/\/www.clemensaugust.de\/franziskus\/wp-json\/wp\/v2\/users\/1"}],"replies":[{"embeddable":true,"href":"https:\/\/www.clemensaugust.de\/franziskus\/wp-json\/wp\/v2\/comments?post=51"}],"version-history":[{"count":11,"href":"https:\/\/www.clemensaugust.de\/franziskus\/wp-json\/wp\/v2\/pages\/51\/revisions"}],"predecessor-version":[{"id":1394,"href":"https:\/\/www.clemensaugust.de\/franziskus\/wp-json\/wp\/v2\/pages\/51\/revisions\/1394"}],"wp:attachment":[{"href":"https:\/\/www.clemensaugust.de\/franziskus\/wp-json\/wp\/v2\/media?parent=51"}],"curies":[{"name":"wp","href":"https:\/\/api.w.org\/{rel}","templated":true}]}}