{"id":65,"date":"2018-01-07T14:20:18","date_gmt":"2018-01-07T13:20:18","guid":{"rendered":"http:\/\/www.clemensaugust.de\/franziskus\/?page_id=65"},"modified":"2019-08-11T14:56:30","modified_gmt":"2019-08-11T12:56:30","slug":"leitbild","status":"publish","type":"page","link":"https:\/\/www.clemensaugust.de\/franziskus\/leitbild\/","title":{"rendered":"Leitbild"},"content":{"rendered":"<p><div class=\"fusion-fullwidth fullwidth-box fusion-builder-row-1 nonhundred-percent-fullwidth non-hundred-percent-height-scrolling\" style=\"--awb-border-radius-top-left:0px;--awb-border-radius-top-right:0px;--awb-border-radius-bottom-right:0px;--awb-border-radius-bottom-left:0px;--awb-margin-bottom:100px;--awb-flex-wrap:wrap;\" ><div class=\"fusion-builder-row fusion-row\"><div class=\"fusion-layout-column fusion_builder_column fusion-builder-column-0 fusion_builder_column_1_1 1_1 fusion-one-full fusion-column-first fusion-column-last\" style=\"--awb-bg-size:cover;--awb-margin-bottom:0px;\"><div class=\"fusion-column-wrapper fusion-flex-column-wrapper-legacy\"><div class=\"fusion-text fusion-text-1\"><h2>Leitbild<\/h2>\n<p><strong>\u201eJeder Mensch ist ein Gedanke Gottes\u201c<\/strong><\/p>\n<p>Jeder Mensch wird von uns ganzheitlich betrachtet und mit allen seinen St\u00e4rken und Schw\u00e4chen so akzeptiert wie er ist. Alle Menschen bewegen sich zwischen Autonomie und totaler Abh\u00e4ngigkeit.<\/p>\n<p>Wir haben es uns zur Aufgabe gemacht, Menschen individuell auf dem Weg zur Selbst\u00e4ndigkeit aktiv zu unterst\u00fctzen und zu f\u00f6rdern, bzw. pflegebed\u00fcrftigen Menschen individuelle Unterst\u00fctzung bei den elementaren Inhalten des Lebens sowie Anregung und Anleitung zu gesundheitsf\u00f6rderndem Verhalten zu geben.<\/p>\n<p>Bestehen irreversible Defizite werden sie von uns akzeptiert und ausgeglichen.<\/p>\n<p>Die Grundlage der Arbeit in allen Bereichen ist das christliche Menschenbild. Darin ist jedem Bewohner seine W\u00fcrde gegeben, die unantastbar und unabh\u00e4ngig von seinen F\u00e4higkeiten oder Leistungen, Schw\u00e4chen, Krankheiten oder Behinderung ist. Die ganzheitliche Pflege und Betreuung kann nur im Zusammenwirken verschiedener Berufsgruppen geleistet werden.<\/p>\n<p>Im Vordergrund steht das Ziel der Mitarbeiter, den Bewohnern Zufriedenheit, Sicherheit und Hoffnung zu vermitteln, ihnen zu lehren , Konflikte auszuleben und mit ihrer Krankheit und ihren Leiden umzugehen. Die F\u00f6rderung der Entwicklung von Individualit\u00e4t, Normalit\u00e4t, Kontinuit\u00e4t und Selbst\u00e4ndigkeit deckt sich mit der ganzheitlichen Sicht des Menschen.<\/p>\n<p>Die psychosoziale Einzelhilfe des Bewohners ist bed\u00fcrfnis- und akzeptanzorientiert ausgerichtet und hat das Ziel, eine Schadensminimierung, bzw. eine allgemeine Verbesserung zu erreichen und ein hohes Ma\u00df an Autonomie zu gew\u00e4hren.<\/p>\n<p>Das St. Franziskus-Stift als psychiatrische Facheinrichtung mit den Leistungsangeboten Psychiatrisches Pflegeheim, Wohnen f\u00fcr Menschen mit wesentlich seelischer Behinderung und heiminterner Tagesstruktur im Sinne einer hauseigenen Besch\u00e4ftigungstherapie, erbringt bedarfsgerechte und personenbezogene Dienstleistungen im Gesundheits-und Sozialwesen.<\/p>\n<p>Es versteht sich als christlich orientierte Dienstgemeinschaft zur sozialen Eingliederung, Betreuung und F\u00f6rderung als auch zur Pflege und Rehabilitation von psychisch Kranken, seelisch Behinderten, Mehrfacherkrankten, sowie erheblich verhaltensgest\u00f6rten Menschen. Durch die eindeutige Aufgabenverteilung und durch aktive Zusammenarbeit der Mitarbeiter ist es uns m\u00f6glich, die Qualit\u00e4t unserer Hilfeangebote nach aktuellen fachlichen Standards zu sichern und fortzuschreiben.<\/p>\n<p>Von allen Mitarbeitern erwarten wir ein fachkompetentes Engagement, Flexibilit\u00e4t und ihren Aufgaben entsprechende menschliche und soziale Eignung. Durch unsere Arbeitsstrukturen und Atmosph\u00e4re regen wir die Eigenverantwortung, Kreativit\u00e4t und professionelles Handeln an.<\/p>\n<p>Zur Orientierung und Sicherheit in der Bew\u00e4ltigung der Aufgaben f\u00f6rdern wir die Fort-und Weiterbildung der Mitarbeiter. In Konflikt- und \u00dcberforderungssituationen suchen wir entlastende\u00a0 L\u00f6sungen zum Besten des Ganzen.<\/p>\n<p>Als modernes wirtschaftliches Unternehmen nehmen wir neue Herausforderungen und Anforderungen flexibel auf und aktualisieren schnell die erforderliche Umsetzung. Wir sind offen f\u00fcr neue wissenschaftliche Erkenntnisse und setzen sich nach sachlicher und ethischer Pr\u00fcfung in die Praxis um. Wir stellen uns dem Wettbewerb und haben den Mut, neue Wege zu gehen.<\/p>\n<p>Klare und effiziente Organisationsstrukturen in unserer Einrichtung tragen ma\u00dfgeblich zur F\u00f6rderung unserer Leistungsst\u00e4rke bei. Durch interne und externe Schulungen der Mitarbeiter in den diversen Fachbereichen setzen wir die Grundlage f\u00fcr h\u00f6chste Effektivit\u00e4t von Leistungsf\u00e4higkeit, um gegenw\u00e4rtigen und zuk\u00fcnftigen Anforderungen gewachsen zu sein. Ideen und Verbesserungsvorschl\u00e4ge der Mitarbeiter haben schon oft zu langfristigen Bewohnerbezogenen Erfolgen gef\u00fchrt.<\/p>\n<p>Wir verstehen uns als aktive Ausbildungseinrichtung, die von jedem Mitarbeiter Eigenverantwortung und Autonomie verlangt. Trotz angespannter Wirtschaftslage sind wir bereit, in den verschiedenen Berufsgruppen, wie Alten-und Krankenpflege, Heilerziehungspflege und Ergotherapie auszubilden. Wir setzen kontinuierlich Akzente im sachgem\u00e4\u00dfen Umgang mit den Umweltressourcen.<\/p>\n<p>Wir tragen Verantwortung f\u00fcr ein wirtschaftlich und \u00f6kologisch vertretbares Handeln. Von allen Bewohnern und Mitarbeitern erwarten wir Unterst\u00fctzung, um diese Verantwortung glaubw\u00fcrdig wahrzunehmen. Sie sollen dazu die notwendige Anleitung und Hilfe erfahren und annehmen k\u00f6nnen.<\/p>\n<p>Die engagierten und qualifizierten Mitarbeiter sind die Quelle unseres Erfolges. Durch ihre Fachlichkeit, ihren Einsatzwillen und ihre Flexibilit\u00e4t sind sie Grundlage f\u00fcr unseren professionellen Dienst in einer sp\u00fcrbar freundlichen und humorvollen Arbeitsatmosph\u00e4re. Eine ebenso wichtige Grundlage f\u00fcr eine vertrauensvolle und konstruktive Zusammenarbeit ist die Offenheit.<\/p>\n<p>Diese Offenheit untereinander erreichen wir durch gegenseitige Akzeptanz und Toleranz, gegenseitigem Respekt und Wertsch\u00e4tzung. Unter allen Mitarbeitern beruht die Zusammenarbeit auf der Basis der Vertrauens und der Kooperation. Unsere gemeinsame Verantwortung f\u00fcr behinderte Menschen fordert die Bereitschaft, unsere Kr\u00e4fte zielgerichtet einzusetzen, zu lernen und uns gegenseitig darin zu unterst\u00fctzen.<\/p>\n<\/div><div class=\"fusion-clearfix\"><\/div><\/div><\/div><\/div><\/div><div class=\"fusion-fullwidth fullwidth-box fusion-builder-row-2 content-bottom nonhundred-percent-fullwidth non-hundred-percent-height-scrolling\" style=\"--awb-border-radius-top-left:0px;--awb-border-radius-top-right:0px;--awb-border-radius-bottom-right:0px;--awb-border-radius-bottom-left:0px;--awb-padding-top:60px;--awb-padding-bottom:20px;--awb-background-color:#efefef;--awb-flex-wrap:wrap;\" ><div class=\"fusion-builder-row fusion-row\"><div class=\"fusion-layout-column fusion_builder_column fusion-builder-column-1 fusion_builder_column_1_3 1_3 fusion-one-third fusion-column-first\" style=\"--awb-bg-blend:overlay;--awb-bg-size:cover;width:33.3333333333%;width:calc(33.3333333333% - ( ( 4% + 4% ) * 0.333333333333 ) );margin-right: 4%;\"><div class=\"fusion-column-wrapper fusion-flex-column-wrapper-legacy\"><div class=\"fusion-image-element fusion-image-align-center in-legacy-container\" style=\"text-align:center;--awb-caption-title-font-family:var(--h2_typography-font-family);--awb-caption-title-font-weight:var(--h2_typography-font-weight);--awb-caption-title-font-style:var(--h2_typography-font-style);--awb-caption-title-size:var(--h2_typography-font-size);--awb-caption-title-transform:var(--h2_typography-text-transform);--awb-caption-title-line-height:var(--h2_typography-line-height);--awb-caption-title-letter-spacing:var(--h2_typography-letter-spacing);\"><div class=\"imageframe-align-center\"><span class=\" fusion-imageframe imageframe-none imageframe-1 hover-type-none\"><a class=\"fusion-no-lightbox\" href=\"https:\/\/www.clemensaugust.de\/franziskus\/psychiatrisches-wohnheim\/\" target=\"_self\" aria-label=\"Franziskus-Stift Steinfeld\"><img decoding=\"async\" width=\"460\" height=\"306\" src=\"http:\/\/clemensaugust.de\/franziskus\/wp-content\/uploads\/sites\/8\/2018\/02\/Kickern-1.jpg-460x306.jpg\" alt class=\"img-responsive wp-image-1031\" srcset=\"https:\/\/www.clemensaugust.de\/franziskus\/wp-content\/uploads\/sites\/8\/2018\/02\/Kickern-1.jpg-200x133.jpg 200w, https:\/\/www.clemensaugust.de\/franziskus\/wp-content\/uploads\/sites\/8\/2018\/02\/Kickern-1.jpg-400x267.jpg 400w, https:\/\/www.clemensaugust.de\/franziskus\/wp-content\/uploads\/sites\/8\/2018\/02\/Kickern-1.jpg-600x400.jpg 600w, https:\/\/www.clemensaugust.de\/franziskus\/wp-content\/uploads\/sites\/8\/2018\/02\/Kickern-1.jpg-800x533.jpg 800w, https:\/\/www.clemensaugust.de\/franziskus\/wp-content\/uploads\/sites\/8\/2018\/02\/Kickern-1.jpg-1200x800.jpg 1200w, https:\/\/www.clemensaugust.de\/franziskus\/wp-content\/uploads\/sites\/8\/2018\/02\/Kickern-1.jpg.jpg 4000w\" sizes=\"(max-width: 800px) 100vw, 400px\" \/><\/a><\/span><\/div><\/div><div class=\"fusion-text fusion-text-2\"><p style=\"text-align: center\"><strong><a href=\"https:\/\/www.clemensaugust.de\/franziskus\/psychiatrisches-wohnheim\/\">Psychiatrisches Wohnheim <span class=\"redlink\">&gt;<\/span><\/a><\/strong><\/p>\n<\/div><div class=\"fusion-clearfix\"><\/div><\/div><\/div><div class=\"fusion-layout-column fusion_builder_column fusion-builder-column-2 fusion_builder_column_1_3 1_3 fusion-one-third\" style=\"--awb-bg-blend:overlay;--awb-bg-size:cover;width:33.3333333333%;width:calc(33.3333333333% - ( ( 4% + 4% ) * 0.333333333333 ) );margin-right: 4%;\"><div class=\"fusion-column-wrapper fusion-flex-column-wrapper-legacy\"><div class=\"fusion-image-element fusion-image-align-center in-legacy-container\" style=\"text-align:center;--awb-caption-title-font-family:var(--h2_typography-font-family);--awb-caption-title-font-weight:var(--h2_typography-font-weight);--awb-caption-title-font-style:var(--h2_typography-font-style);--awb-caption-title-size:var(--h2_typography-font-size);--awb-caption-title-transform:var(--h2_typography-text-transform);--awb-caption-title-line-height:var(--h2_typography-line-height);--awb-caption-title-letter-spacing:var(--h2_typography-letter-spacing);\"><div class=\"imageframe-align-center\"><span class=\" fusion-imageframe imageframe-none imageframe-2 hover-type-none\"><a class=\"fusion-no-lightbox\" href=\"https:\/\/www.clemensaugust.de\/franziskus\/psychiatrisches-pflegeheim\/\" target=\"_self\" aria-label=\"Franziskus-Stift Steinfeld\"><img decoding=\"async\" width=\"460\" height=\"306\" src=\"http:\/\/clemensaugust.de\/franziskus\/wp-content\/uploads\/sites\/8\/2019\/07\/Pflegesituation-3.jpg-460x306.jpg\" alt class=\"img-responsive wp-image-1074\" srcset=\"https:\/\/www.clemensaugust.de\/franziskus\/wp-content\/uploads\/sites\/8\/2019\/07\/Pflegesituation-3.jpg-200x133.jpg 200w, https:\/\/www.clemensaugust.de\/franziskus\/wp-content\/uploads\/sites\/8\/2019\/07\/Pflegesituation-3.jpg-400x267.jpg 400w, https:\/\/www.clemensaugust.de\/franziskus\/wp-content\/uploads\/sites\/8\/2019\/07\/Pflegesituation-3.jpg-600x400.jpg 600w, https:\/\/www.clemensaugust.de\/franziskus\/wp-content\/uploads\/sites\/8\/2019\/07\/Pflegesituation-3.jpg-800x533.jpg 800w, https:\/\/www.clemensaugust.de\/franziskus\/wp-content\/uploads\/sites\/8\/2019\/07\/Pflegesituation-3.jpg-1200x800.jpg 1200w, https:\/\/www.clemensaugust.de\/franziskus\/wp-content\/uploads\/sites\/8\/2019\/07\/Pflegesituation-3.jpg.jpg 4000w\" sizes=\"(max-width: 800px) 100vw, 400px\" \/><\/a><\/span><\/div><\/div><div class=\"fusion-text fusion-text-3\"><p style=\"text-align: center\"><strong><a href=\"https:\/\/www.clemensaugust.de\/franziskus\/psychiatrisches-pflegeheim\/\">Psychiatrisches Pflegeheim <span class=\"redlink\">&gt;<\/span><\/a><\/strong><\/p>\n<\/div><div class=\"fusion-clearfix\"><\/div><\/div><\/div><div class=\"fusion-layout-column fusion_builder_column fusion-builder-column-3 fusion_builder_column_1_3 1_3 fusion-one-third fusion-column-last\" style=\"--awb-bg-blend:overlay;--awb-bg-size:cover;width:33.3333333333%;width:calc(33.3333333333% - ( ( 4% + 4% ) * 0.333333333333 ) );\"><div class=\"fusion-column-wrapper fusion-flex-column-wrapper-legacy\"><div class=\"fusion-image-element fusion-image-align-center in-legacy-container\" style=\"text-align:center;--awb-caption-title-font-family:var(--h2_typography-font-family);--awb-caption-title-font-weight:var(--h2_typography-font-weight);--awb-caption-title-font-style:var(--h2_typography-font-style);--awb-caption-title-size:var(--h2_typography-font-size);--awb-caption-title-transform:var(--h2_typography-text-transform);--awb-caption-title-line-height:var(--h2_typography-line-height);--awb-caption-title-letter-spacing:var(--h2_typography-letter-spacing);\"><div class=\"imageframe-align-center\"><span class=\" fusion-imageframe imageframe-none imageframe-3 hover-type-none\"><a class=\"fusion-no-lightbox\" href=\"https:\/\/www.clemensaugust.de\/franziskus\/bewohnerorientierte-angebote\/\" target=\"_self\" aria-label=\"Franziskus-Stift Steinfeld\"><img decoding=\"async\" width=\"460\" height=\"306\" src=\"http:\/\/clemensaugust.de\/franziskus\/wp-content\/uploads\/sites\/8\/2019\/07\/Gespr\u00e4chssituation-Sozialdienst.jpg-460x306.jpg\" alt class=\"img-responsive wp-image-1052\" srcset=\"https:\/\/www.clemensaugust.de\/franziskus\/wp-content\/uploads\/sites\/8\/2019\/07\/Gespr\u00e4chssituation-Sozialdienst.jpg-200x133.jpg 200w, https:\/\/www.clemensaugust.de\/franziskus\/wp-content\/uploads\/sites\/8\/2019\/07\/Gespr\u00e4chssituation-Sozialdienst.jpg-400x267.jpg 400w, https:\/\/www.clemensaugust.de\/franziskus\/wp-content\/uploads\/sites\/8\/2019\/07\/Gespr\u00e4chssituation-Sozialdienst.jpg-600x400.jpg 600w, https:\/\/www.clemensaugust.de\/franziskus\/wp-content\/uploads\/sites\/8\/2019\/07\/Gespr\u00e4chssituation-Sozialdienst.jpg-800x533.jpg 800w, https:\/\/www.clemensaugust.de\/franziskus\/wp-content\/uploads\/sites\/8\/2019\/07\/Gespr\u00e4chssituation-Sozialdienst.jpg-1200x800.jpg 1200w, https:\/\/www.clemensaugust.de\/franziskus\/wp-content\/uploads\/sites\/8\/2019\/07\/Gespr\u00e4chssituation-Sozialdienst.jpg.jpg 4000w\" sizes=\"(max-width: 800px) 100vw, 400px\" \/><\/a><\/span><\/div><\/div><div class=\"fusion-text fusion-text-4\"><p style=\"text-align: center\"><strong><a href=\"https:\/\/www.clemensaugust.de\/franziskus\/bewohnerorientierte-angebote\/\">Bewohnerorientierte Angebote <span class=\"redlink\">&gt;<\/span><\/a><\/strong><\/p>\n<\/div><div class=\"fusion-clearfix\"><\/div><\/div><\/div><\/div><\/div>\n<\/p>\n","protected":false},"excerpt":{"rendered":"","protected":false},"author":1,"featured_media":0,"parent":0,"menu_order":0,"comment_status":"closed","ping_status":"closed","template":"100-width.php","meta":{"footnotes":"","_links_to":"","_links_to_target":""},"_links":{"self":[{"href":"https:\/\/www.clemensaugust.de\/franziskus\/wp-json\/wp\/v2\/pages\/65"}],"collection":[{"href":"https:\/\/www.clemensaugust.de\/franziskus\/wp-json\/wp\/v2\/pages"}],"about":[{"href":"https:\/\/www.clemensaugust.de\/franziskus\/wp-json\/wp\/v2\/types\/page"}],"author":[{"embeddable":true,"href":"https:\/\/www.clemensaugust.de\/franziskus\/wp-json\/wp\/v2\/users\/1"}],"replies":[{"embeddable":true,"href":"https:\/\/www.clemensaugust.de\/franziskus\/wp-json\/wp\/v2\/comments?post=65"}],"version-history":[{"count":10,"href":"https:\/\/www.clemensaugust.de\/franziskus\/wp-json\/wp\/v2\/pages\/65\/revisions"}],"predecessor-version":[{"id":1201,"href":"https:\/\/www.clemensaugust.de\/franziskus\/wp-json\/wp\/v2\/pages\/65\/revisions\/1201"}],"wp:attachment":[{"href":"https:\/\/www.clemensaugust.de\/franziskus\/wp-json\/wp\/v2\/media?parent=65"}],"curies":[{"name":"wp","href":"https:\/\/api.w.org\/{rel}","templated":true}]}}