{"id":13,"date":"2018-01-07T14:09:04","date_gmt":"2018-01-07T13:09:04","guid":{"rendered":"http:\/\/www.clemensaugust.de\/jugendklinik\/?page_id=13"},"modified":"2024-01-31T07:23:28","modified_gmt":"2024-01-31T06:23:28","slug":"stationaere-behandlung","status":"publish","type":"page","link":"https:\/\/www.clemensaugust.de\/jugendklinik\/stationaere-behandlung\/","title":{"rendered":"Station\u00e4re Behandlung"},"content":{"rendered":"<p><div class=\"fusion-fullwidth fullwidth-box fusion-builder-row-1 mobile-title nonhundred-percent-fullwidth non-hundred-percent-height-scrolling fusion-no-medium-visibility fusion-no-large-visibility\" style=\"--awb-border-radius-top-left:0px;--awb-border-radius-top-right:0px;--awb-border-radius-bottom-right:0px;--awb-border-radius-bottom-left:0px;--awb-flex-wrap:wrap;\" ><div class=\"fusion-builder-row fusion-row\"><div class=\"fusion-layout-column fusion_builder_column fusion-builder-column-0 fusion_builder_column_1_1 1_1 fusion-one-full fusion-column-first fusion-column-last\" style=\"--awb-bg-size:cover;\"><div class=\"fusion-column-wrapper fusion-flex-column-wrapper-legacy\"><div class=\"fusion-title title fusion-title-1 fusion-title-text fusion-title-size-one\"><h1 class=\"fusion-title-heading title-heading-left\" style=\"margin:0;\"><div class=\"heading \">\n<div class=\"fusion-title-sc-wrapper\">\n<div class=\"fusion-title title fusion-sep-none fusion-title-center fusion-title-size-one fusion-border-below-title\">\n<h1 class=\"title-heading-center fusion-responsive-typography-calculated\" style=\"--fontsize: 72; line-height: 1;\" data-inline-fontsize=\"true\" data-inline-lineheight=\"true\" data-fontsize=\"72\" data-lineheight=\"100.8px\"><span class=\"keyword-title-2nd\" style=\"font-size: 40px; line-height: 56px;\" data-fusion-font=\"true\">Die<\/span> <span class=\"keyword-title\" style=\"font-size: 40px; line-height: 26px;\" data-fusion-font=\"true\">Station\u00e4re<\/span> <span class=\"keyword-title-2nd\" style=\"font-size: 40px; line-height: 26px;\" data-fusion-font=\"true\">Behandlung<\/span><\/h1>\n<\/div>\n<\/div>\n<\/div>\n<div class=\"caption \">\n<div class=\"fusion-title-sc-wrapper\">\n<div class=\"fusion-title title fusion-sep-none fusion-title-center fusion-title-size-two fusion-border-below-title\">\n<h2 class=\"title-heading-center fusion-responsive-typography-calculated\" style=\"--fontsize: 20; line-height: 1.5; --minfontsize: 20;\" data-inline-fontsize=\"true\" data-inline-lineheight=\"true\" data-fontsize=\"20\" data-lineheight=\"30px\">sich wohlf\u00fchlen<\/h2>\n<\/div>\n<\/div>\n<\/div><\/h1><span class=\"awb-title-spacer\"><\/span><div class=\"title-sep-container\"><div class=\"title-sep sep-double sep-solid\" style=\"border-color:#e0dede;\"><\/div><\/div><\/div><div class=\"fusion-clearfix\"><\/div><\/div><\/div><\/div><\/div><div class=\"fusion-fullwidth fullwidth-box fusion-builder-row-2 nonhundred-percent-fullwidth non-hundred-percent-height-scrolling\" style=\"--awb-border-radius-top-left:0px;--awb-border-radius-top-right:0px;--awb-border-radius-bottom-right:0px;--awb-border-radius-bottom-left:0px;--awb-margin-bottom:100px;--awb-flex-wrap:wrap;\" ><div class=\"fusion-builder-row fusion-row\"><div class=\"fusion-layout-column fusion_builder_column fusion-builder-column-1 fusion_builder_column_1_1 1_1 fusion-one-full fusion-column-first fusion-column-last\" style=\"--awb-bg-size:cover;--awb-margin-bottom:0px;\"><div class=\"fusion-column-wrapper fusion-flex-column-wrapper-legacy\"><div class=\"fusion-text fusion-text-1\"><h2>Rund um die Uhr gut betreut<\/h2>\n<p>Bei komplexen psychischen Erkrankungen verspricht eine station\u00e4re Behandlung die besten Heilungschancen. Auch das gemeinschaftliche Leben in der Stationsgruppe tr\u00e4gt viel zur Genesung dabei.<\/p>\n<p>Station\u00e4r aufgenommen werden bei uns Kinder und Jugendliche, die an einer schweren psychischen Erkrankung leiden und bei denen eine ambulante Behandlung oder eine Behandlung in der Tagesklinik nicht ausreicht. Denn bei einer station\u00e4ren Behandlung k\u00f6nnen sich unsere Therapeuten und p\u00e4dagogisch-pflegerischen Mitarbeiter besonders intensiv um die junge Patientinnen und Patienten k\u00fcmmern. Zudem kann es sinnvoll sein, dass die Kinder oder Jugendlichen f\u00fcr eine begrenzte Zeit ihr gewohntes Umfeld verlassen. Probleme oder Schwierigkeiten, die im Alltag entstanden sind, k\u00f6nnen dann mit Abstand leichter betrachtet und besprochen werden.<\/p>\n<p>Stark zum Gelingen der Behandlung tr\u00e4gt auch das Leben in der Stationsgruppe bei. Hier bilden sechs bis acht Kinder oder Jugendliche eine Gemeinschaft auf Zeit. Innerhalb dieser erfahren sie, dass nicht nur sie selbst Schwierigkeiten haben, sondern auch andere Kinder und Jugendliche durch Probleme mit sich selbst oder ihren Mitmenschen belastet sind. Sie erfahren Verst\u00e4ndnis und lernen zugleich, Verst\u00e4ndnis f\u00fcr andere zu entwickeln. Erfolgserlebnisse mit sich und anderen helfen ihnen, wieder Vertrauen in sich und ihre F\u00e4higkeiten zu gewinnen. Eine positive Entwicklung wird m\u00f6glich.<\/p>\n<\/div><div class=\"fusion-clearfix\"><\/div><\/div><\/div><\/div><\/div><div class=\"fusion-fullwidth fullwidth-box fusion-builder-row-3 content-bottom nonhundred-percent-fullwidth non-hundred-percent-height-scrolling\" style=\"--awb-border-radius-top-left:0px;--awb-border-radius-top-right:0px;--awb-border-radius-bottom-right:0px;--awb-border-radius-bottom-left:0px;--awb-padding-top:60px;--awb-padding-bottom:20px;--awb-background-color:#efefef;--awb-flex-wrap:wrap;\" ><div class=\"fusion-builder-row fusion-row\"><div class=\"fusion-layout-column fusion_builder_column fusion-builder-column-2 fusion_builder_column_1_4 1_4 fusion-one-fourth fusion-column-first\" style=\"--awb-bg-size:cover;width:25%;width:calc(25% - ( ( 4% + 4% + 4% ) * 0.25 ) );margin-right: 4%;\"><div class=\"fusion-column-wrapper fusion-flex-column-wrapper-legacy\"><div class=\"fusion-image-element fusion-image-align-center in-legacy-container\" style=\"text-align:center;--awb-caption-title-font-family:var(--h2_typography-font-family);--awb-caption-title-font-weight:var(--h2_typography-font-weight);--awb-caption-title-font-style:var(--h2_typography-font-style);--awb-caption-title-size:var(--h2_typography-font-size);--awb-caption-title-transform:var(--h2_typography-text-transform);--awb-caption-title-line-height:var(--h2_typography-line-height);--awb-caption-title-letter-spacing:var(--h2_typography-letter-spacing);\"><div class=\"imageframe-align-center\"><span class=\" fusion-imageframe imageframe-none imageframe-1 hover-type-none\"><a class=\"fusion-no-lightbox\" href=\"https:\/\/www.clemensaugust.de\/jugendklinik\/angebote\/\" target=\"_self\" aria-label=\"Behandlungsangebote-klein\"><img decoding=\"async\" width=\"300\" height=\"175\" src=\"http:\/\/clemensaugust.de\/jugendklinik\/wp-content\/uploads\/sites\/2\/2018\/02\/Behandlungsangebote-klein-300x175.jpg\" alt class=\"img-responsive wp-image-492\" srcset=\"https:\/\/www.clemensaugust.de\/jugendklinik\/wp-content\/uploads\/sites\/2\/2018\/02\/Behandlungsangebote-klein-200x117.jpg 200w, https:\/\/www.clemensaugust.de\/jugendklinik\/wp-content\/uploads\/sites\/2\/2018\/02\/Behandlungsangebote-klein.jpg 300w\" sizes=\"(max-width: 800px) 100vw, 300px\" \/><\/a><\/span><\/div><\/div><div class=\"fusion-text fusion-text-2\"><p style=\"text-align: center;\"><strong><a href=\"https:\/\/www.clemensaugust.de\/jugendklinik\/angebote\/\">Behandlungsangebote <span class=\"redlink\">&gt;<\/span><\/a><\/strong><\/p>\n<\/div><div class=\"fusion-clearfix\"><\/div><\/div><\/div><div class=\"fusion-layout-column fusion_builder_column fusion-builder-column-3 fusion_builder_column_1_4 1_4 fusion-one-fourth\" style=\"--awb-bg-size:cover;width:25%;width:calc(25% - ( ( 4% + 4% + 4% ) * 0.25 ) );margin-right: 4%;\"><div class=\"fusion-column-wrapper fusion-flex-column-wrapper-legacy\"><div class=\"fusion-image-element fusion-image-align-center in-legacy-container\" style=\"text-align:center;--awb-caption-title-font-family:var(--h2_typography-font-family);--awb-caption-title-font-weight:var(--h2_typography-font-weight);--awb-caption-title-font-style:var(--h2_typography-font-style);--awb-caption-title-size:var(--h2_typography-font-size);--awb-caption-title-transform:var(--h2_typography-text-transform);--awb-caption-title-line-height:var(--h2_typography-line-height);--awb-caption-title-letter-spacing:var(--h2_typography-letter-spacing);\"><div class=\"imageframe-align-center\"><span class=\" fusion-imageframe imageframe-none imageframe-2 hover-type-none\"><a class=\"fusion-no-lightbox\" href=\"https:\/\/www.clemensaugust.de\/jugendklinik\/institutsambulanz\/\" target=\"_self\" aria-label=\"Die-Istitutsambulanz-header\"><img decoding=\"async\" width=\"300\" height=\"175\" src=\"http:\/\/clemensaugust.de\/jugendklinik\/wp-content\/uploads\/sites\/2\/2018\/02\/Die-Istitutsambulanz-header-300x175.jpg\" alt class=\"img-responsive wp-image-476\" srcset=\"https:\/\/www.clemensaugust.de\/jugendklinik\/wp-content\/uploads\/sites\/2\/2018\/02\/Die-Istitutsambulanz-header-200x117.jpg 200w, https:\/\/www.clemensaugust.de\/jugendklinik\/wp-content\/uploads\/sites\/2\/2018\/02\/Die-Istitutsambulanz-header-400x233.jpg 400w, https:\/\/www.clemensaugust.de\/jugendklinik\/wp-content\/uploads\/sites\/2\/2018\/02\/Die-Istitutsambulanz-header-600x350.jpg 600w, https:\/\/www.clemensaugust.de\/jugendklinik\/wp-content\/uploads\/sites\/2\/2018\/02\/Die-Istitutsambulanz-header-800x467.jpg 800w, https:\/\/www.clemensaugust.de\/jugendklinik\/wp-content\/uploads\/sites\/2\/2018\/02\/Die-Istitutsambulanz-header-1200x700.jpg 1200w, https:\/\/www.clemensaugust.de\/jugendklinik\/wp-content\/uploads\/sites\/2\/2018\/02\/Die-Istitutsambulanz-header.jpg 1920w\" sizes=\"(max-width: 800px) 100vw, 400px\" \/><\/a><\/span><\/div><\/div><div class=\"fusion-text fusion-text-3\"><p style=\"text-align: center;\"><strong><a href=\"https:\/\/www.clemensaugust.de\/jugendklinik\/institutsambulanz\/\">Institutsambulanz <span class=\"redlink\">&gt;<\/span><\/a><\/strong><\/p>\n<\/div><div class=\"fusion-clearfix\"><\/div><\/div><\/div><div class=\"fusion-layout-column fusion_builder_column fusion-builder-column-4 fusion_builder_column_1_4 1_4 fusion-one-fourth\" style=\"--awb-bg-size:cover;width:25%;width:calc(25% - ( ( 4% + 4% + 4% ) * 0.25 ) );margin-right: 4%;\"><div class=\"fusion-column-wrapper fusion-flex-column-wrapper-legacy\"><div class=\"fusion-image-element fusion-image-align-center in-legacy-container\" style=\"text-align:center;--awb-caption-title-font-family:var(--h2_typography-font-family);--awb-caption-title-font-weight:var(--h2_typography-font-weight);--awb-caption-title-font-style:var(--h2_typography-font-style);--awb-caption-title-size:var(--h2_typography-font-size);--awb-caption-title-transform:var(--h2_typography-text-transform);--awb-caption-title-line-height:var(--h2_typography-line-height);--awb-caption-title-letter-spacing:var(--h2_typography-letter-spacing);\"><div class=\"imageframe-align-center\"><span class=\" fusion-imageframe imageframe-none imageframe-3 hover-type-none\"><a class=\"fusion-no-lightbox\" href=\"https:\/\/www.clemensaugust.de\/jugendklinik\/tagesklinik\/\" target=\"_self\" aria-label=\"Die-Tagesklinik-header\"><img decoding=\"async\" width=\"300\" height=\"175\" src=\"http:\/\/clemensaugust.de\/jugendklinik\/wp-content\/uploads\/sites\/2\/2018\/02\/Die-Tagesklinik-header-300x175.jpg\" alt class=\"img-responsive wp-image-477\" srcset=\"https:\/\/www.clemensaugust.de\/jugendklinik\/wp-content\/uploads\/sites\/2\/2018\/02\/Die-Tagesklinik-header-200x117.jpg 200w, https:\/\/www.clemensaugust.de\/jugendklinik\/wp-content\/uploads\/sites\/2\/2018\/02\/Die-Tagesklinik-header-400x233.jpg 400w, https:\/\/www.clemensaugust.de\/jugendklinik\/wp-content\/uploads\/sites\/2\/2018\/02\/Die-Tagesklinik-header-600x350.jpg 600w, https:\/\/www.clemensaugust.de\/jugendklinik\/wp-content\/uploads\/sites\/2\/2018\/02\/Die-Tagesklinik-header-800x467.jpg 800w, https:\/\/www.clemensaugust.de\/jugendklinik\/wp-content\/uploads\/sites\/2\/2018\/02\/Die-Tagesklinik-header-1200x700.jpg 1200w, https:\/\/www.clemensaugust.de\/jugendklinik\/wp-content\/uploads\/sites\/2\/2018\/02\/Die-Tagesklinik-header.jpg 1920w\" sizes=\"(max-width: 800px) 100vw, 400px\" \/><\/a><\/span><\/div><\/div><div class=\"fusion-text fusion-text-4\"><p style=\"text-align: center;\"><strong><a href=\"https:\/\/www.clemensaugust.de\/jugendklinik\/tagesklinik\/\">Tagesklinik <span class=\"redlink\">&gt;<\/span><\/a><\/strong><\/p>\n<\/div><div class=\"fusion-clearfix\"><\/div><\/div><\/div><div class=\"fusion-layout-column fusion_builder_column fusion-builder-column-5 fusion_builder_column_1_4 1_4 fusion-one-fourth fusion-column-last\" style=\"--awb-bg-size:cover;width:25%;width:calc(25% - ( ( 4% + 4% + 4% ) * 0.25 ) );\"><div class=\"fusion-column-wrapper fusion-flex-column-wrapper-legacy\"><div class=\"fusion-image-element fusion-image-align-center in-legacy-container\" style=\"text-align:center;--awb-caption-title-font-family:var(--h2_typography-font-family);--awb-caption-title-font-weight:var(--h2_typography-font-weight);--awb-caption-title-font-style:var(--h2_typography-font-style);--awb-caption-title-size:var(--h2_typography-font-size);--awb-caption-title-transform:var(--h2_typography-text-transform);--awb-caption-title-line-height:var(--h2_typography-line-height);--awb-caption-title-letter-spacing:var(--h2_typography-letter-spacing);\"><div class=\"imageframe-align-center\"><span class=\" fusion-imageframe imageframe-none imageframe-4 hover-type-none\"><a class=\"fusion-no-lightbox\" href=\"https:\/\/www.clemensaugust.de\/jugendklinik\/stationaere-behandlung\/\" target=\"_self\" aria-label=\"Station\u00e4re-Behandlung-header\"><img decoding=\"async\" width=\"300\" height=\"175\" src=\"http:\/\/clemensaugust.de\/jugendklinik\/wp-content\/uploads\/sites\/2\/2018\/02\/Station\u00e4re-Behandlung-header-300x175.jpg\" alt class=\"img-responsive wp-image-475\" srcset=\"https:\/\/www.clemensaugust.de\/jugendklinik\/wp-content\/uploads\/sites\/2\/2018\/02\/Station\u00e4re-Behandlung-header-200x117.jpg 200w, https:\/\/www.clemensaugust.de\/jugendklinik\/wp-content\/uploads\/sites\/2\/2018\/02\/Station\u00e4re-Behandlung-header-400x233.jpg 400w, https:\/\/www.clemensaugust.de\/jugendklinik\/wp-content\/uploads\/sites\/2\/2018\/02\/Station\u00e4re-Behandlung-header-600x350.jpg 600w, https:\/\/www.clemensaugust.de\/jugendklinik\/wp-content\/uploads\/sites\/2\/2018\/02\/Station\u00e4re-Behandlung-header-800x467.jpg 800w, https:\/\/www.clemensaugust.de\/jugendklinik\/wp-content\/uploads\/sites\/2\/2018\/02\/Station\u00e4re-Behandlung-header-1200x700.jpg 1200w, https:\/\/www.clemensaugust.de\/jugendklinik\/wp-content\/uploads\/sites\/2\/2018\/02\/Station\u00e4re-Behandlung-header.jpg 1920w\" sizes=\"(max-width: 800px) 100vw, 400px\" \/><\/a><\/span><\/div><\/div><div class=\"fusion-text fusion-text-5\"><p style=\"text-align: center;\"><strong><a href=\"https:\/\/www.clemensaugust.de\/jugendklinik\/stationaere-behandlung\/\">Station\u00e4re Behandlung <span class=\"redlink\">&gt;<\/span><\/a><\/strong><\/p>\n<\/div><div class=\"fusion-clearfix\"><\/div><\/div><\/div><\/div><\/div><\/p>\n","protected":false},"excerpt":{"rendered":"","protected":false},"author":1,"featured_media":0,"parent":0,"menu_order":0,"comment_status":"closed","ping_status":"closed","template":"100-width.php","meta":{"footnotes":"","_links_to":"","_links_to_target":""},"_links":{"self":[{"href":"https:\/\/www.clemensaugust.de\/jugendklinik\/wp-json\/wp\/v2\/pages\/13"}],"collection":[{"href":"https:\/\/www.clemensaugust.de\/jugendklinik\/wp-json\/wp\/v2\/pages"}],"about":[{"href":"https:\/\/www.clemensaugust.de\/jugendklinik\/wp-json\/wp\/v2\/types\/page"}],"author":[{"embeddable":true,"href":"https:\/\/www.clemensaugust.de\/jugendklinik\/wp-json\/wp\/v2\/users\/1"}],"replies":[{"embeddable":true,"href":"https:\/\/www.clemensaugust.de\/jugendklinik\/wp-json\/wp\/v2\/comments?post=13"}],"version-history":[{"count":10,"href":"https:\/\/www.clemensaugust.de\/jugendklinik\/wp-json\/wp\/v2\/pages\/13\/revisions"}],"predecessor-version":[{"id":1265,"href":"https:\/\/www.clemensaugust.de\/jugendklinik\/wp-json\/wp\/v2\/pages\/13\/revisions\/1265"}],"wp:attachment":[{"href":"https:\/\/www.clemensaugust.de\/jugendklinik\/wp-json\/wp\/v2\/media?parent=13"}],"curies":[{"name":"wp","href":"https:\/\/api.w.org\/{rel}","templated":true}]}}